{"id":2001,"date":"2022-08-08T11:57:51","date_gmt":"2022-08-08T11:57:51","guid":{"rendered":"https:\/\/redwoodyoga.de\/?page_id=2001"},"modified":"2022-11-14T18:17:41","modified_gmt":"2022-11-14T18:17:41","slug":"grund-ausbildung-yoga-2022","status":"publish","type":"page","link":"https:\/\/redwoodyoga.de\/en\/grund-ausbildung-yoga-2022","title":{"rendered":"200h Yogalehrer:in Ausbildung (Herbst 2022)"},"content":{"rendered":"\n<p class=\"has-medium-font-size\">Eine Yogalehrer:in Ausbildung bietet die M\u00f6glichkeit tiefer in die emotionalen, k\u00f6rperlichen und technischen Aspekte des Yogas einzutauchen. Dabei ist sie nicht nur geeignet f\u00fcr Menschen die Yoga unterrichten wollen, sondern auch f\u00fcr alle die ihre eigene Yogapraxis vertiefen m\u00f6chten.<br> <br>Pers\u00f6nliches Wachstum und das achtsame Kennenlernen der eigenen Grenzen stehen bei uns besonders im Fokus. Durch die intensive Natur der Ausbildung entsteht Transformation. Die Methoden und Praktiken die du erlernst k\u00f6nnen dir helfen zu erkennen was wirklich wichtig ist in deinem Leben.  Dabei lernst du Stress und \u00c4ngste zu bew\u00e4ltigen, dich selbst vollst\u00e4ndig anzunehmen und dich so zu akzeptieren wie du bist, ges\u00fcndere Gewohnheiten, Mitgef\u00fchl und Selbstbewusstsein zu entwickeln. <\/p>\n\n\n\n<p class=\"has-medium-font-size\">Aus dem pers\u00f6nlichen Wachstum w\u00e4hrend der Ausbildung entsteht oft automatisch der Wunsch das Gelernte und Erfahrene an andere Menschen weiterzugeben. Daf\u00fcr bereitet dich diese Yoga Ausbildung optimal vor. Du lernst in einem sicheren Rahmen Asanas, Pranayama und Meditation anzuleiten und sinnvolle und inspirierende Stunden zu gestalten. Wir nehmen uns viel Zeit das Gelernte direkt anzuwenden und zu vertiefen.<\/p>\n\n\n\n<p><\/p>\n\n\n\n<p class=\"has-medium-font-size\"><strong>Inhalte der Ausbildung<\/strong><br>Im Fokus der Ausbildung steht der Vinyasa Yoga Stil, jedoch werden auch andere Yogastile erkundet. Die Inhalte sind nach den Vorschriften der Yoga Alliance ausgerichtet. Dabei wird unter anderem auf folgende Themen eingegangen:<\/p>\n\n\n\n<ul class=\"wp-block-list\"><li>Achtsamkeit<\/li><li>Asana Fundament<\/li><li>Anatomie<\/li><li>Ashtanga<\/li><li>Ausrichtung in den Asanas<\/li><li>Biomechanik<\/li><li>Chakras<\/li><li>Entspannungsmethoden<\/li><li>Ethik<\/li><li>Geschichte des Yogas<\/li><li>Hands-On-Adjustments<\/li><li>Hatha Yoga<\/li><li>Kinderyoga<\/li><li>Meditation<\/li><li>Partner Yoga<\/li><li>Philosophie des Yogas<\/li><li>Physiologie <\/li><li>Pranayama (Atem\u00fcbungen)<\/li><li>Pr\u00e4natales Yoga<\/li><li>Sequencing &#8211; das gestalten sinnvoller Flows<\/li><li>Stressmanagement<\/li><li>Vinyasa Yoga<\/li><li>Yin Yoga<\/li><li>Yoga Nidra<\/li><li>&#8230;. <\/li><\/ul>\n\n\n\n<p><\/p>\n\n\n\n<p class=\"has-medium-font-size\"><strong>Voraussetzungen<\/strong><br>Du solltest eine regelm\u00e4\u00dfige Yogapraxis mitbringen. Welcher Yogastil und wie fortgeschritten du dabei bist ist irrelevant. Wichtig ist nur, dass du bereits Erfahrungen mitbringst und einen Einblick in die Yogawelt hattest. Eine regelm\u00e4\u00dfige Praxis hilft dir die Inhalte der Ausbildung besser aufzunehmen.<br>Noch wichtiger als die regelm\u00e4\u00dfige Yogapraxis ist jedoch deine Bereitschaft und der Wille mehr \u00fcber dich selbst und Yoga zu erfahren.<br>Zugelassen sind Teilnehmer ab 18 Jahren.<\/p>\n\n\n\n<p><\/p>\n\n\n\n<p class=\"has-medium-font-size\"><strong>Wer unterrichtet?<\/strong><br>Die Ausbildung wird geleitet durch Studiobesitzerin Annalena.  Annalena ist als E-RYT 500 bei der Yoga Alliance registriert und hat mit renommierten internationalen Yogalehrer:innen wie Mark Stephens, Leslie Kaminoff und Dylan Werner studiert. Dabei hat sie \u00fcber 1000 Yogaausbildungsstunden absolviert und \u00fcber 2000 Stunden Yoga unterrichtet. Annalenas Fokus liegt darauf ihren Sch\u00fclern und Sch\u00fclerinnen die eigene innere Weisheit zug\u00e4nglich zu machen, damit jeder seinen eigenen pers\u00f6nlichen Weg zum Gl\u00fcck findet. <a href=\"http:\/\/redwoodyoga.de\/team\" data-type=\"page\" data-id=\"174\">Mehr \u00fcber Annalena<\/a><\/p>\n\n\n\n<p class=\"has-medium-font-size\">Annalena wird durch das <a href=\"http:\/\/redwoodyoga.de\/team\" data-type=\"page\" data-id=\"174\">Studioteam<\/a> unterst\u00fctzt.<\/p>\n\n\n\n<p><\/p>\n\n\n\n<p class=\"has-medium-font-size\"><strong>Daten und Kosten<\/strong><\/p>\n\n\n\n<p class=\"has-medium-font-size\">Der n\u00e4chste Ausbildungsstart ist am 28.10.22 &#8211; f\u00fcr die Ausbildung 2023, gehe bitte zu <a href=\"https:\/\/redwoodyoga.de\/grund-ausbildung-yoga-2023\" data-type=\"page\" data-id=\"1990\">Ausbildung 2023<\/a><\/p>\n\n\n\n<p class=\"has-medium-font-size\"><br>Die Ausbildung findet in zwei 8-Tage-Bl\u00f6cken statt. <br><br><strong>Der erste Block: 28.10. &#8211; 04.11.22, Freitag bis Freitag ganzt\u00e4gig<br>Der zweite Block:  03.12. -10.12.22, Samstag bis Samstag ganzt\u00e4gig<\/strong> <strong>und 11.12. Sonntag 10 &#8211; 15Uhr<\/strong><\/p>\n\n\n\n<p><\/p>\n\n\n\n<p><\/p>\n\n\n\n<p class=\"has-medium-font-size\">Zwischen den zwei Bl\u00f6cken findet 1x in der Woche eine \u00dcbungssession online oder vor Ort statt in der die Teilnehmenden ihre Unterrichtserfahrung miteinander unter Aufsicht \u00fcben k\u00f6nnen um so die Praxiserfahrung zu vertiefen. Die \u00dcbungssessions zwischen den Bl\u00f6cken dauern jeweils 2-3 Stunden und die Zeiten werden flexibel in Kleingruppen abgestimmt. <br><\/p>\n\n\n\n<p>Beispielhafter Tagesablauf:<\/p>\n\n\n\n<figure class=\"wp-block-table is-style-stripes\"><table><tbody><tr><td> 8:00 &#8211; 10:00<\/td><td>Praxis (Asana, Pranayama, Meditation)<\/td><\/tr><tr><td>10:00 &#8211; 10:30<\/td><td>Fr\u00fchst\u00fcckspause<\/td><\/tr><tr><td>10:30 &#8211; 13:30<\/td><td>Theorie oder Workshop (z.B. Anatomie, Philosophie&#8230;)<\/td><\/tr><tr><td>13:30 &#8211; 14:30<\/td><td>Mittagspause<\/td><\/tr><tr><td>14:30 &#8211; 17:00<\/td><td>Theorie oder Workshop<\/td><\/tr><tr><td>17:00 &#8211; 18:00<\/td><td>Tagesabschluss Praxis + Theorie<\/td><\/tr><\/tbody><\/table><\/figure>\n\n\n\n<p><\/p>\n\n\n\n<p class=\"has-medium-font-size\"><strong>Ausbildungskosten<\/strong><br>Normalpreis &#8211; 3300\u20ac<br>Fr\u00fchbucher I (bis 01.04.22) &#8211; 2800\u20ac<br>Fr\u00fchbucher II (bis 01.06.22) &#8211; 2990\u20ac<br><br>Die Zahlung ist sowohl als Einmalzahlung als auch in Raten m\u00f6glich.<br>Beinhaltet im Ausbildungspreis ist das Trainingsmanual, Zertifikat und die Mitgliedschaft im Studio f\u00fcr drei Monate (Oktober, November und Dezember) und bis dahin ein 10%iger Rabatt auf alle Mitgliedschaften.<br>Nicht enthalten sind Pflichtlekt\u00fcre, Verpflegung und eventuelle Reisekosten.<\/p>\n\n\n\n<p><\/p>\n\n\n\n<p class=\"has-medium-font-size\"><strong>Ablauf der Anmeldung<\/strong><br>Bitte lade die folgende Voranmeldung herunter, f\u00fclle sie als PDF aus und sende sie uns an info@redwoodyoga.de zu. Innerhalb von 14 Tagen melden wir uns mit dem weiteren Vorgehen bei dir. <\/p>\n\n\n\n<div class=\"wp-block-file\"><a id=\"wp-block-file--media-36f5867e-843e-42a9-877d-90bcd7314288\" href=\"https:\/\/redwoodyoga.de\/wp-content\/uploads\/2022\/02\/Voranmeldung-Yogalehrer-Ausbildung-2022.pdf\" target=\"_blank\" rel=\"noreferrer noopener\">Voranmeldung Yogalehrer:in Ausbildung 2022<\/a><a href=\"https:\/\/redwoodyoga.de\/wp-content\/uploads\/2022\/02\/Voranmeldung-Yogalehrer-Ausbildung-2022.pdf\" class=\"wp-block-file__button\" download aria-describedby=\"wp-block-file--media-36f5867e-843e-42a9-877d-90bcd7314288\">Herunterladen<\/a><\/div>\n\n\n\n<p><\/p>\n\n\n\n<p class=\"has-medium-font-size\"><strong>Du hast noch offene Fragen?<\/strong><br>Die h\u00e4ufigsten Fragen haben wir beantwortet: <a href=\"http:\/\/redwoodyoga.de\/faqausbildung\" data-type=\"page\" data-id=\"894\">zu den h\u00e4ufigsten Fragen<\/a><br>Melde dich gerne bei uns mit  allen offenen Fragen unter info@redwoodyoga.de <\/p>\n\n\n\n<p><br><br><\/p>\n","protected":false},"excerpt":{"rendered":"<p>Eine Yogalehrer:in Ausbildung bietet die M\u00f6glichkeit tiefer in die emotionalen, k\u00f6rperlichen und technischen Aspekte des Yogas einzutauchen. Dabei ist sie nicht nur geeignet f\u00fcr Menschen die Yoga unterrichten wollen, sondern &hellip; <\/p>\n","protected":false},"author":1,"featured_media":1357,"parent":0,"menu_order":0,"comment_status":"closed","ping_status":"closed","template":"","meta":{"footnotes":""},"class_list":["post-2001","page","type-page","status-publish","has-post-thumbnail","hentry"],"yoast_head":"<!-- This site is optimized with the Yoast SEO plugin v26.9 - https:\/\/yoast.com\/product\/yoast-seo-wordpress\/ -->\n<title>200h Yogalehrer:in Ausbildung (Herbst 2022) - Redwood Yoga<\/title>\n<meta name=\"robots\" content=\"index, follow, max-snippet:-1, max-image-preview:large, max-video-preview:-1\" \/>\n<link rel=\"canonical\" href=\"https:\/\/redwoodyoga.de\/grund-ausbildung-yoga-2022\" \/>\n<meta property=\"og:locale\" content=\"en_US\" \/>\n<meta property=\"og:type\" content=\"article\" \/>\n<meta property=\"og:title\" content=\"200h Yogalehrer:in Ausbildung (Herbst 2022) - Redwood Yoga\" \/>\n<meta property=\"og:description\" content=\"Eine Yogalehrer:in Ausbildung bietet die M\u00f6glichkeit tiefer in die emotionalen, k\u00f6rperlichen und technischen Aspekte des Yogas einzutauchen. Dabei ist sie nicht nur geeignet f\u00fcr Menschen die Yoga unterrichten wollen, sondern &hellip;\" \/>\n<meta property=\"og:url\" content=\"https:\/\/redwoodyoga.de\/grund-ausbildung-yoga-2022\" \/>\n<meta property=\"og:site_name\" content=\"Redwood Yoga\" \/>\n<meta property=\"article:modified_time\" content=\"2022-11-14T18:17:41+00:00\" \/>\n<meta property=\"og:image\" content=\"https:\/\/redwoodyoga.de\/wp-content\/uploads\/2021\/09\/Redwoodyoga_Sandra-Dienemann-Fotografie-038-2-scaled-e1631569503992.jpg\" \/>\n\t<meta property=\"og:image:width\" content=\"842\" \/>\n\t<meta property=\"og:image:height\" content=\"386\" \/>\n\t<meta property=\"og:image:type\" content=\"image\/jpeg\" \/>\n<meta name=\"twitter:card\" content=\"summary_large_image\" \/>\n<meta name=\"twitter:label1\" content=\"Est. reading time\" \/>\n\t<meta name=\"twitter:data1\" content=\"3 minutes\" \/>\n<script type=\"application\/ld+json\" class=\"yoast-schema-graph\">{\"@context\":\"https:\/\/schema.org\",\"@graph\":[{\"@type\":\"WebPage\",\"@id\":\"https:\/\/redwoodyoga.de\/grund-ausbildung-yoga-2022\",\"url\":\"https:\/\/redwoodyoga.de\/grund-ausbildung-yoga-2022\",\"name\":\"200h Yogalehrer:in Ausbildung (Herbst 2022) - Redwood Yoga\",\"isPartOf\":{\"@id\":\"https:\/\/redwoodyoga.de\/#website\"},\"primaryImageOfPage\":{\"@id\":\"https:\/\/redwoodyoga.de\/grund-ausbildung-yoga-2022#primaryimage\"},\"image\":{\"@id\":\"https:\/\/redwoodyoga.de\/grund-ausbildung-yoga-2022#primaryimage\"},\"thumbnailUrl\":\"https:\/\/redwoodyoga.de\/wp-content\/uploads\/2021\/09\/Redwoodyoga_Sandra-Dienemann-Fotografie-038-2-scaled-e1631569503992.jpg\",\"datePublished\":\"2022-08-08T11:57:51+00:00\",\"dateModified\":\"2022-11-14T18:17:41+00:00\",\"breadcrumb\":{\"@id\":\"https:\/\/redwoodyoga.de\/grund-ausbildung-yoga-2022#breadcrumb\"},\"inLanguage\":\"en-US\",\"potentialAction\":[{\"@type\":\"ReadAction\",\"target\":[\"https:\/\/redwoodyoga.de\/grund-ausbildung-yoga-2022\"]}]},{\"@type\":\"ImageObject\",\"inLanguage\":\"en-US\",\"@id\":\"https:\/\/redwoodyoga.de\/grund-ausbildung-yoga-2022#primaryimage\",\"url\":\"https:\/\/redwoodyoga.de\/wp-content\/uploads\/2021\/09\/Redwoodyoga_Sandra-Dienemann-Fotografie-038-2-scaled-e1631569503992.jpg\",\"contentUrl\":\"https:\/\/redwoodyoga.de\/wp-content\/uploads\/2021\/09\/Redwoodyoga_Sandra-Dienemann-Fotografie-038-2-scaled-e1631569503992.jpg\",\"width\":842,\"height\":386},{\"@type\":\"BreadcrumbList\",\"@id\":\"https:\/\/redwoodyoga.de\/grund-ausbildung-yoga-2022#breadcrumb\",\"itemListElement\":[{\"@type\":\"ListItem\",\"position\":1,\"name\":\"Start\",\"item\":\"https:\/\/redwoodyoga.de\/\"},{\"@type\":\"ListItem\",\"position\":2,\"name\":\"200h Yogalehrer:in Ausbildung (Herbst 2022)\"}]},{\"@type\":\"WebSite\",\"@id\":\"https:\/\/redwoodyoga.de\/#website\",\"url\":\"https:\/\/redwoodyoga.de\/\",\"name\":\"Redwood Yoga\",\"description\":\"wachse \u00fcber dich hinaus\",\"publisher\":{\"@id\":\"https:\/\/redwoodyoga.de\/#organization\"},\"potentialAction\":[{\"@type\":\"SearchAction\",\"target\":{\"@type\":\"EntryPoint\",\"urlTemplate\":\"https:\/\/redwoodyoga.de\/?s={search_term_string}\"},\"query-input\":{\"@type\":\"PropertyValueSpecification\",\"valueRequired\":true,\"valueName\":\"search_term_string\"}}],\"inLanguage\":\"en-US\"},{\"@type\":\"Organization\",\"@id\":\"https:\/\/redwoodyoga.de\/#organization\",\"name\":\"Redwood Yoga\",\"url\":\"https:\/\/redwoodyoga.de\/\",\"logo\":{\"@type\":\"ImageObject\",\"inLanguage\":\"en-US\",\"@id\":\"https:\/\/redwoodyoga.de\/#\/schema\/logo\/image\/\",\"url\":\"https:\/\/redwoodyoga.de\/wp-content\/uploads\/2019\/02\/finishedlogomitkreis-e1631539893616.png\",\"contentUrl\":\"https:\/\/redwoodyoga.de\/wp-content\/uploads\/2019\/02\/finishedlogomitkreis-e1631539893616.png\",\"width\":70,\"height\":70,\"caption\":\"Redwood Yoga\"},\"image\":{\"@id\":\"https:\/\/redwoodyoga.de\/#\/schema\/logo\/image\/\"}}]}<\/script>\n<!-- \/ Yoast SEO plugin. -->","yoast_head_json":{"title":"200h Yogalehrer:in Ausbildung (Herbst 2022) - Redwood Yoga","robots":{"index":"index","follow":"follow","max-snippet":"max-snippet:-1","max-image-preview":"max-image-preview:large","max-video-preview":"max-video-preview:-1"},"canonical":"https:\/\/redwoodyoga.de\/grund-ausbildung-yoga-2022","og_locale":"en_US","og_type":"article","og_title":"200h Yogalehrer:in Ausbildung (Herbst 2022) - Redwood Yoga","og_description":"Eine Yogalehrer:in Ausbildung bietet die M\u00f6glichkeit tiefer in die emotionalen, k\u00f6rperlichen und technischen Aspekte des Yogas einzutauchen. Dabei ist sie nicht nur geeignet f\u00fcr Menschen die Yoga unterrichten wollen, sondern &hellip;","og_url":"https:\/\/redwoodyoga.de\/grund-ausbildung-yoga-2022","og_site_name":"Redwood Yoga","article_modified_time":"2022-11-14T18:17:41+00:00","og_image":[{"width":842,"height":386,"url":"https:\/\/redwoodyoga.de\/wp-content\/uploads\/2021\/09\/Redwoodyoga_Sandra-Dienemann-Fotografie-038-2-scaled-e1631569503992.jpg","type":"image\/jpeg"}],"twitter_card":"summary_large_image","twitter_misc":{"Est. reading time":"3 minutes"},"schema":{"@context":"https:\/\/schema.org","@graph":[{"@type":"WebPage","@id":"https:\/\/redwoodyoga.de\/grund-ausbildung-yoga-2022","url":"https:\/\/redwoodyoga.de\/grund-ausbildung-yoga-2022","name":"200h Yogalehrer:in Ausbildung (Herbst 2022) - Redwood Yoga","isPartOf":{"@id":"https:\/\/redwoodyoga.de\/#website"},"primaryImageOfPage":{"@id":"https:\/\/redwoodyoga.de\/grund-ausbildung-yoga-2022#primaryimage"},"image":{"@id":"https:\/\/redwoodyoga.de\/grund-ausbildung-yoga-2022#primaryimage"},"thumbnailUrl":"https:\/\/redwoodyoga.de\/wp-content\/uploads\/2021\/09\/Redwoodyoga_Sandra-Dienemann-Fotografie-038-2-scaled-e1631569503992.jpg","datePublished":"2022-08-08T11:57:51+00:00","dateModified":"2022-11-14T18:17:41+00:00","breadcrumb":{"@id":"https:\/\/redwoodyoga.de\/grund-ausbildung-yoga-2022#breadcrumb"},"inLanguage":"en-US","potentialAction":[{"@type":"ReadAction","target":["https:\/\/redwoodyoga.de\/grund-ausbildung-yoga-2022"]}]},{"@type":"ImageObject","inLanguage":"en-US","@id":"https:\/\/redwoodyoga.de\/grund-ausbildung-yoga-2022#primaryimage","url":"https:\/\/redwoodyoga.de\/wp-content\/uploads\/2021\/09\/Redwoodyoga_Sandra-Dienemann-Fotografie-038-2-scaled-e1631569503992.jpg","contentUrl":"https:\/\/redwoodyoga.de\/wp-content\/uploads\/2021\/09\/Redwoodyoga_Sandra-Dienemann-Fotografie-038-2-scaled-e1631569503992.jpg","width":842,"height":386},{"@type":"BreadcrumbList","@id":"https:\/\/redwoodyoga.de\/grund-ausbildung-yoga-2022#breadcrumb","itemListElement":[{"@type":"ListItem","position":1,"name":"Start","item":"https:\/\/redwoodyoga.de\/"},{"@type":"ListItem","position":2,"name":"200h Yogalehrer:in Ausbildung (Herbst 2022)"}]},{"@type":"WebSite","@id":"https:\/\/redwoodyoga.de\/#website","url":"https:\/\/redwoodyoga.de\/","name":"Redwood Yoga","description":"wachse \u00fcber dich hinaus","publisher":{"@id":"https:\/\/redwoodyoga.de\/#organization"},"potentialAction":[{"@type":"SearchAction","target":{"@type":"EntryPoint","urlTemplate":"https:\/\/redwoodyoga.de\/?s={search_term_string}"},"query-input":{"@type":"PropertyValueSpecification","valueRequired":true,"valueName":"search_term_string"}}],"inLanguage":"en-US"},{"@type":"Organization","@id":"https:\/\/redwoodyoga.de\/#organization","name":"Redwood Yoga","url":"https:\/\/redwoodyoga.de\/","logo":{"@type":"ImageObject","inLanguage":"en-US","@id":"https:\/\/redwoodyoga.de\/#\/schema\/logo\/image\/","url":"https:\/\/redwoodyoga.de\/wp-content\/uploads\/2019\/02\/finishedlogomitkreis-e1631539893616.png","contentUrl":"https:\/\/redwoodyoga.de\/wp-content\/uploads\/2019\/02\/finishedlogomitkreis-e1631539893616.png","width":70,"height":70,"caption":"Redwood Yoga"},"image":{"@id":"https:\/\/redwoodyoga.de\/#\/schema\/logo\/image\/"}}]}},"_links":{"self":[{"href":"https:\/\/redwoodyoga.de\/en\/wp-json\/wp\/v2\/pages\/2001","targetHints":{"allow":["GET"]}}],"collection":[{"href":"https:\/\/redwoodyoga.de\/en\/wp-json\/wp\/v2\/pages"}],"about":[{"href":"https:\/\/redwoodyoga.de\/en\/wp-json\/wp\/v2\/types\/page"}],"author":[{"embeddable":true,"href":"https:\/\/redwoodyoga.de\/en\/wp-json\/wp\/v2\/users\/1"}],"replies":[{"embeddable":true,"href":"https:\/\/redwoodyoga.de\/en\/wp-json\/wp\/v2\/comments?post=2001"}],"version-history":[{"count":5,"href":"https:\/\/redwoodyoga.de\/en\/wp-json\/wp\/v2\/pages\/2001\/revisions"}],"predecessor-version":[{"id":2284,"href":"https:\/\/redwoodyoga.de\/en\/wp-json\/wp\/v2\/pages\/2001\/revisions\/2284"}],"wp:featuredmedia":[{"embeddable":true,"href":"https:\/\/redwoodyoga.de\/en\/wp-json\/wp\/v2\/media\/1357"}],"wp:attachment":[{"href":"https:\/\/redwoodyoga.de\/en\/wp-json\/wp\/v2\/media?parent=2001"}],"curies":[{"name":"wp","href":"https:\/\/api.w.org\/{rel}","templated":true}]}}