{"id":2627,"date":"2023-03-03T15:25:28","date_gmt":"2023-03-03T15:25:28","guid":{"rendered":"https:\/\/redwoodyoga.de\/?page_id=2627"},"modified":"2025-11-28T10:40:16","modified_gmt":"2025-11-28T10:40:16","slug":"faq300fortbildung","status":"publish","type":"page","link":"https:\/\/redwoodyoga.de\/en\/faq300fortbildung","title":{"rendered":"H\u00e4ufige Fragen zur 300h Yoga Fortbildung"},"content":{"rendered":"\n<p><\/p>\n\n\n\n<p class=\"has-text-align-center has-medium-font-size\"><span class=\"collapseomatic \" id=\"id69f4a30298bec\"  tabindex=\"0\" title=\"&lt;strong&gt;TEILNAHMEVORAUSSETZUNGEN&lt;\/strong&gt;\"    ><strong>TEILNAHMEVORAUSSETZUNGEN<\/strong><\/span><div id=\"target-id69f4a30298bec\" class=\"collapseomatic_content \">\n\n\n\n<p class=\"has-medium-font-size\"> <span class=\"collapseomatic \" id=\"id69f4a30298c64\"  tabindex=\"0\" title=\"Welche Voraussetzungen muss ich erf\u00fcllen um an der Ausbildung teilzunehmen?\"    >Welche Voraussetzungen muss ich erf\u00fcllen um an der Ausbildung teilzunehmen?<\/span><div id=\"target-id69f4a30298c64\" class=\"collapseomatic_content \"> <\/p>\n\n\n\n<p>Diese 300h Ausbildung baut auf die 200h Yoga Ausbildung auf. Du kannst nur teilnehmen, wenn du bereits eine 200h Ausbildung (bei uns oder anderen Anbietern) absolviert hast. <\/div>\n\n\n\n<p class=\"has-medium-font-size\"><\/p>\n\n\n\n<p class=\"has-medium-font-size\"> <span class=\"collapseomatic \" id=\"id69f4a30298c8b\"  tabindex=\"0\" title=\"Muss ich die 200h Ausbildung bei Redwood Yoga absolviert haben um teilzunehmen??\"    >Muss ich die 200h Ausbildung bei Redwood Yoga absolviert haben um teilzunehmen??<\/span><div id=\"target-id69f4a30298c8b\" class=\"collapseomatic_content \">Nein, du kannst die 200h Ausbildung bei einem Anbieter deiner Wahl absolvieren. Wenn du bei uns die 200h Ausbildung gemacht hast, bekommst du jedoch 10% auf die Ausbildungsgeb\u00fchr <\/div> <\/p>\n\n\n\n<p class=\"has-medium-font-size\"><\/p>\n\n\n\n<p class=\"has-medium-font-size\"> <span class=\"collapseomatic \" id=\"id69f4a30298ca1\"  tabindex=\"0\" title=\"Ich habe eine Verletzung oder eine chronische Erkrankung, kann ich trotzdem teilnehmen?\"    >Ich habe eine Verletzung oder eine chronische Erkrankung, kann ich trotzdem teilnehmen?<\/span><div id=\"target-id69f4a30298ca1\" class=\"collapseomatic_content \">Je nach Art der Verletzung oder Erkrankung kann eine Teilnahme trotzdem m\u00f6glich sein, eine pauschale Antwort ist hier jedoch nicht m\u00f6glich. Bitte melde dich bei Fragen per Mail bei uns bzw. liste Verletzungen\/Erkrankungen in der Voranmeldung auf, damit wir deinen individuellen Fall besprechen k\u00f6nnen.<\/div> <\/p>\n\n\n\n<p class=\"has-medium-font-size\"><\/p>\n\n\n\n<p class=\"has-medium-font-size\"><span class=\"collapseomatic \" id=\"id69f4a30298cb4\"  tabindex=\"0\" title=\"Kann ich an der Ausbildung teilnehmen auch wenn ich nicht Yoga unterrichten m\u00f6chte?\"    >Kann ich an der Ausbildung teilnehmen auch wenn ich nicht Yoga unterrichten m\u00f6chte?<\/span><div id=\"target-id69f4a30298cb4\" class=\"collapseomatic_content \">Ja! Die Ausbildung ist f\u00fcr alle geeignet die ihre eigene Praxis vertiefen m\u00f6chten. Pers\u00f6nliches Wachstum und das achtsame Kennenlernen der eigenen Grenzen stehen bei uns besonders im Fokus. Durch die intensive Natur der Ausbildung entsteht Transformation. Die Methoden und Praktiken die du erlernst k\u00f6nnen dir helfen zu erkennen was wirklich wichtig ist in deinem Leben. Dabei lernst du Stress und \u00c4ngste zu bew\u00e4ltigen, dich selbst vollst\u00e4ndig anzunehmen und dich so zu akzeptieren wie du bist, ges\u00fcndere Gewohnheiten, Mitgef\u00fchl und Selbstbewusstsein zu entwickeln. <\/div>\n\n\n\n<p class=\"has-medium-font-size\"><\/p>\n\n\n\n<p class=\"has-medium-font-size\"><\/div>\n\n\n\n<p class=\"has-medium-font-size\"><\/p>\n\n\n\n<p class=\"has-text-align-center has-medium-font-size\"><strong> <\/strong><span class=\"collapseomatic \" id=\"id69f4a30298cf6\"  tabindex=\"0\" title=\"&lt;strong&gt;AUSBILDUNGSINHALTE &amp; -ABLAUF&lt;\/strong&gt;\"    ><strong>AUSBILDUNGSINHALTE &amp; -ABLAUF<\/strong><\/span><div id=\"target-id69f4a30298cf6\" class=\"collapseomatic_content \">\n\n\n\n<p class=\"has-medium-font-size\"> <span class=\"collapseomatic \" id=\"id69f4a30298d59\"  tabindex=\"0\" title=\"Welche Inhalte deckt die Ausbildung ab?\"    >Welche Inhalte deckt die Ausbildung ab?<\/span><div id=\"target-id69f4a30298d59\" class=\"collapseomatic_content \">Die Inhalte richten sich nach den Richtlinien der Yoga Alliance.  Unter anderem werden folgende Themengebiete behandelt:<\/p>\n\n\n\n<ul class=\"wp-block-list\">\n<li>Vertiefende und fortgeschrittene Asana Praxis<\/li>\n\n\n\n<li>Kreatives Asana Sequencing<\/li>\n\n\n\n<li>Hands-On-Assists<\/li>\n\n\n\n<li>Fortgeschrittenes Pranayama &amp; Pranayama Sequencing<\/li>\n\n\n\n<li>Angewandte Anatomie &amp; Physiologie<\/li>\n\n\n\n<li>Faszien-Training \u2013 Anatomie, Funktion und Einbindung in die Yogapraxis<\/li>\n\n\n\n<li>Vertiefende Unterrichtsmethoden \u2013 Verfeinerung von Skills, wie Sprache und Co.<\/li>\n\n\n\n<li>Yoga Nidra \u2013 Funktion, Philosophie, Praxis und Anleiten<\/li>\n\n\n\n<li>Meditation \u2013 Techniken und Anwendung, Aufbau &amp; Vertiefung der eigenen Praxis<\/li>\n\n\n\n<li>Yogaphilosophie und ihr Bezug zum allt\u00e4glichen Leben<\/li>\n\n\n\n<li>Einsatz von Achtsamkeit in Yoga, Alltag &amp; Ern\u00e4hrung<\/li>\n\n\n\n<li>Vertiefende Chakren- und Energielehre und ihr Bezug zum Leben &amp; zur Yogapraxis<\/li>\n\n\n\n<li>Yoga als Business<\/li>\n\n\n\n<li>entwickeln bedeutsamer Workshops \u2013 von der Idee bis zur Ausf\u00fchrung<\/li>\n<\/ul>\n\n\n\n<\/div>\n\n\n\n<\/div>\n\n\n\n<p><\/p>\n\n\n\n<p class=\"has-text-align-center has-medium-font-size\"> <span class=\"collapseomatic \" id=\"id69f4a30298d98\"  tabindex=\"0\" title=\"&lt;strong&gt;FINANZIELLES&lt;\/strong&gt;\"    ><strong>FINANZIELLES<\/strong><\/span><div id=\"target-id69f4a30298d98\" class=\"collapseomatic_content \">\n\n\n\n<p class=\"has-medium-font-size\"> <span class=\"collapseomatic \" id=\"id69f4a30298e0a\"  tabindex=\"0\" title=\"Was kostet die Ausbildung?\"    >Was kostet die Ausbildung?<\/span><div id=\"target-id69f4a30298e0a\" class=\"collapseomatic_content \">Details zu den Kosten der Ausbildung erh\u00e4ltst du jeweils auf der Seite der jeweiligen Ausbildung. <a href=\"https:\/\/redwoodyoga.de\/ausbildung\" data-type=\"page\" data-id=\"829\">Die n\u00e4chsten Termine<\/a><\/div>\n\n\n\n<p class=\"has-medium-font-size\"><\/p>\n\n\n\n<p class=\"has-medium-font-size\"><span class=\"collapseomatic \" id=\"id69f4a30298e23\"  tabindex=\"0\" title=\"Kann ich die Ausbildungsgeb\u00fchr in Raten zahlen?\"    >Kann ich die Ausbildungsgeb\u00fchr in Raten zahlen?<\/span><div id=\"target-id69f4a30298e23\" class=\"collapseomatic_content \">Ja eine Ratenzahlung ist m\u00f6glich. Es besteht die Option in monatlichen Raten zu bezahlen \u2013 wie viele das Raten sein sollen, entscheidest du individuell. Pro monatlicher Rate f\u00e4llt eine Ratenzahlungsgeb\u00fchr von 25\u20ac an.<\/div> <\/p>\n\n\n\n<p class=\"has-medium-font-size\"><\/p>\n\n\n\n<p class=\"has-medium-font-size\"> <span class=\"collapseomatic \" id=\"id69f4a30298e37\"  tabindex=\"0\" title=\"Wann ist die Ausbildungsgeb\u00fchr f\u00e4llig?\"    >Wann ist die Ausbildungsgeb\u00fchr f\u00e4llig?<\/span><div id=\"target-id69f4a30298e37\" class=\"collapseomatic_content \">Bei Einmalzahlung ist die Ausbildungsgeb\u00fchr 30  Tage nach Erhalt der Rechnung f\u00e4llig.<br>Bei Ratenzahlung wird das Zahlungsstartdatum individuell festgelegt, jedoch so, dass die Ausbildungsgeb\u00fchr in voller H\u00f6he vor Abschluss der Ausbildung abgezahlt ist. <\/div>\n\n\n\n<p class=\"has-medium-font-size\"><\/p>\n\n\n\n<p class=\"has-medium-font-size\"><span class=\"collapseomatic \" id=\"id69f4a30298e49\"  tabindex=\"0\" title=\"Ist es m\u00f6glich die Ausbildung nach der verbindlichen Anmeldung zu stornieren?\"    >Ist es m\u00f6glich die Ausbildung nach der verbindlichen Anmeldung zu stornieren?<\/span><div id=\"target-id69f4a30298e49\" class=\"collapseomatic_content \">Ja, ein R\u00fccktritt von der Ausbildung ist m\u00f6glich. Dabei gelten untenstehenden Stornogeb\u00fchren. Je nach Verf\u00fcgbarkeit &amp; Angebot kann auch an einer sp\u00e4teren Ausbildung teilgenommen werden (gegen Umbuchungsgeb\u00fchr und ggf. Preisunterschied). Dies k\u00f6nnen wir jedoch nicht garantieren \u2013 versuchen aber immer es m\u00f6glich zu machen<\/p>\n\n\n\n<ul class=\"wp-block-list\">\n<li>Bis 24 Wochen vor Ausbildungsbeginn werden 50% der Ausbildungsgeb\u00fchr f\u00e4llig. <\/li>\n\n\n\n<li>24 bis 6 Wochen vor Ausbildungsbeginn werden 70% der Ausbildungsgeb\u00fchr f\u00e4llig. <\/li>\n\n\n\n<li>6 Wochen bis 1 Tag vor Ausbildungsbeginn werden 100% der Ausbildungsgeb\u00fchr f\u00e4llig. <\/div><\/li>\n<\/ul>\n\n\n\n<p class=\"has-medium-font-size\"><span class=\"collapseomatic \" id=\"id69f4a30298e5b\"  tabindex=\"0\" title=\"Kann ich Bildungsurlaub f\u00fcr die Ausbildung beantragen?\"    >Kann ich Bildungsurlaub f\u00fcr die Ausbildung beantragen?<\/span><div id=\"target-id69f4a30298e5b\" class=\"collapseomatic_content \">Aktuell ist unsere Ausbildung in NRW nicht als Bildungsurlaub angesehen. Die Anforderungen daf\u00fcr sind sehr umfangreich und vor allem kostenintensiv, weshalb die meisten Schulen \u2013 und auch wir \u2013 darauf verzichten.<br>Viele Teilnehmer:innen haben jedoch gute Erfahrungen damit gemacht, direkt mit ihrem Arbeitgeber zu sprechen. H\u00e4ufig konnten individuelle L\u00f6sungen gefunden werden, z. B. unbezahlter Urlaub oder eine teilweise finanzielle Unterst\u00fctzung.<br>Unabh\u00e4ngig davon kannst du die Ausbildung in der Regel steuerlich geltend machen, da sie als berufliche Fortbildung anerkannt wird.<\/div><\/div>\n\n\n\n<p><\/p>\n\n\n\n<p><\/p>\n\n\n\n<p class=\"has-text-align-center has-medium-font-size\"> <span class=\"collapseomatic \" id=\"id69f4a30298e8c\"  tabindex=\"0\" title=\"&lt;strong&gt;ANMELDUNG&lt;\/strong&gt;\"    ><strong>ANMELDUNG<\/strong><\/span><div id=\"target-id69f4a30298e8c\" class=\"collapseomatic_content \">\n\n\n\n<p class=\"has-medium-font-size\"> <span class=\"collapseomatic \" id=\"id69f4a30298ee0\"  tabindex=\"0\" title=\"Wie kann ich mich anmelden?\"    >Wie kann ich mich anmelden?<\/span><div id=\"target-id69f4a30298ee0\" class=\"collapseomatic_content \">Bitte f\u00fclle die Ausbildungsvereinbarung aus und sende sie uns gemeinsam mit dem Nachweis \u00fcber deine abgeschlossene 200h Ausbildung per E-Mail zu. Nach Erhalt und Pr\u00fcfung deiner Anmeldung h\u00f6rst du innerhalb von 14 Tagen von uns zur\u00fcck.<\/div>\n\n\n\n<p class=\"has-medium-font-size\"><\/p>\n\n\n\n<p class=\"has-medium-font-size\"><span class=\"collapseomatic \" id=\"id69f4a30298ef6\"  tabindex=\"0\" title=\"Wie viele Personen k\u00f6nnen pro Ausbildung teilnehmen?\"    >Wie viele Personen k\u00f6nnen pro Ausbildung teilnehmen?<\/span><div id=\"target-id69f4a30298ef6\" class=\"collapseomatic_content \">Die Ausbildung findet ab 5 Teilnehmer:innen statt. Die Maximalbelegung betr\u00e4gt 16 Teilnehmer:innen <\/div><\/div>\n\n\n\n<p class=\"has-medium-font-size\"><\/p>\n\n\n\n<p class=\"has-text-align-center has-medium-font-size\"> <span class=\"collapseomatic \" id=\"id69f4a30298f24\"  tabindex=\"0\" title=\"&lt;strong&gt;ABSCHLUSS &amp; ZERTIFIZIERUNG&lt;\/strong&gt;\"    ><strong>ABSCHLUSS &amp; ZERTIFIZIERUNG<\/strong><\/span><div id=\"target-id69f4a30298f24\" class=\"collapseomatic_content \">\n\n\n\n<p class=\"has-medium-font-size\"><span class=\"collapseomatic \" id=\"id69f4a30298f4c\"  tabindex=\"0\" title=\"Gibt es eine Abschlusspr\u00fcfung?\"    >Gibt es eine Abschlusspr\u00fcfung?<\/span><div id=\"target-id69f4a30298f4c\" class=\"collapseomatic_content \">Ja, der Abschluss der Ausbildung besteht aus einem Quiz und der Gestaltung eines Workshops. Im Quiz w\u00e4hlst du deine Themenschwerpunkte (insgesamt 6 St\u00fcck) in denen du gepr\u00fcft werden m\u00f6chtest. So gew\u00e4hren wir, dass du dir deine individuellen Schwerpunkte aussuchen kannst um dich darauf zu spezialisieren. Die Schwerpunkte k\u00f6nnen bis einen Monat vor der Pr\u00fcfung ausgew\u00e4hlt werden, du musst jetzt also noch nicht wissen wohin deine Reise genau gehen soll, sondern darfst dich erst inspirieren lassen.<br>Im Quiz werden die wichtigsten Inhalte abgefragt, die wir f\u00fcr die jeweiligen Schwerpunkte gemeinsam erarbeitet haben. Gemeine Trick-Fragen wie etwa in der Schulzeit gibt es dabei nicht. Wenn du in der Ausbildung gut mitgearbeitet hast, sollte dir das Quiz gut gelingen. Falls das Ergebnis einmal zeigt, dass manche Themen noch nicht gut genug verstanden wurden um bereits Yoga zu unterrichten, finden wir gemeinsam eine L\u00f6sung \u2013 zum Beispiel in einem kurzen m\u00fcndlichen Gespr\u00e4ch oder durch eine Wiederholung des Quiz zu einem sp\u00e4teren Zeitpunkt.<br>Dar\u00fcber hinaus bereitest du einen Workshop zu einem Thema deiner Wahl vor, um dich so bereits f\u00fcr einen Themenbereich zu spezialisieren \u2013 dieser Workshop wird dann vor der Gruppe ausgef\u00fchrt und erh\u00e4lt konstruktives Feedback. Keine Sorge, du bekommst alles notwendige an die Hand um einen erfolgreichen Workshop auszuf\u00fchren. Es ist eine tolle Gelegenheit dich Auszuprobieren.<\/div>\n\n\n\n<p class=\"has-medium-font-size\"><span class=\"collapseomatic \" id=\"id69f4a30298f5f\"  tabindex=\"0\" title=\"Bekomme ich ein Zertifikat ?\"    >Bekomme ich ein Zertifikat ?<\/span><div id=\"target-id69f4a30298f5f\" class=\"collapseomatic_content \">Am letzten Tag der Ausbildung erh\u00e4ltst du dein Ausbildungszertifikat, wenn alle Voraussetzungen der Ausbildung erf\u00fcllt sind, wie die Teilnahme an mindestens 270 Kontaktstunden, der Workshop oder das Abschlussquiz.<\/div>\n\n\n\n<p class=\"has-medium-font-size\"><\/p>\n\n\n\n<p class=\"has-medium-font-size\"><span class=\"collapseomatic \" id=\"id69f4a30298f70\"  tabindex=\"0\" title=\"Was kann ich nach der Ausbildung machen?\"    >Was kann ich nach der Ausbildung machen?<\/span><div id=\"target-id69f4a30298f70\" class=\"collapseomatic_content \">Du kannst nach der Ausbildung direkt loslegen mit dem Yoga unterrichten. Du erh\u00e4ltst w\u00e4hrend der Ausbildung gen\u00fcgend Anleitung und Werkzeuge um dich optimal auf das Unterrichten vorzubereiten <\/div>\n\n\n\n<p class=\"has-medium-font-size\"><\/p>\n\n\n\n<p class=\"has-medium-font-size\"><span class=\"collapseomatic \" id=\"id69f4a30298f81\"  tabindex=\"0\" title=\"Kann ich nach der Ausbildung im Redwood Yoga Studio unterrichten?\"    >Kann ich nach der Ausbildung im Redwood Yoga Studio unterrichten?<\/span><div id=\"target-id69f4a30298f81\" class=\"collapseomatic_content \">Wenn du bei uns unterrichten m\u00f6chtest &#8211; schauen wir nach der Ausbildung gemeinsam, ob dein individueller Unterrichtsstil zu uns passt &#8211; denn davon h\u00e4ngt stark ab, ob du von deinem Unterricht bei uns erf\u00fcllt wirst und Spa\u00df daran beh\u00e4ltst! Und nat\u00fcrlich haben wir auch eine Verantwortung unseren Sch\u00fcler:innen gegen\u00fcber. Wenn alles passt, k\u00f6nnen wir dir zwar noch keinen festen Kurs versprechen, denn wir legen viel Wert auf Erfahrung, aber diese kannst du bei uns als Vertretungslehrer:in sammeln.<\/div>\n\n\n\n<p class=\"has-medium-font-size\"><span class=\"collapseomatic \" id=\"id69f4a30298f92\"  tabindex=\"0\" title=\"Kann ich mich mit der Ausbildung \u00fcber die Krankenkasse zertifizieren lassen?\"    >Kann ich mich mit der Ausbildung \u00fcber die Krankenkasse zertifizieren lassen?<\/span><div id=\"target-id69f4a30298f92\" class=\"collapseomatic_content \"> Ja, du kannst mit dieser Ausbildung die Zulassung bei der Krankenkasse beantragen. <\/div>\n\n\n\n<p class=\"has-medium-font-size\"><\/div>\n\n\n\n<p><\/p>\n\n\n\n<p><\/p>\n\n\n\n<p class=\"has-text-align-center has-medium-font-size\">Deine Frage ist nicht dabei? Schreib uns an info@redwoodyoga.de<\/p>\n","protected":false},"excerpt":{"rendered":"<p>Deine Frage ist nicht dabei? Schreib uns an info@redwoodyoga.de<\/p>\n","protected":false},"author":1,"featured_media":0,"parent":0,"menu_order":0,"comment_status":"closed","ping_status":"closed","template":"","meta":{"footnotes":""},"class_list":["post-2627","page","type-page","status-publish","hentry"],"yoast_head":"<!-- This site is optimized with the Yoast SEO plugin v26.9 - https:\/\/yoast.com\/product\/yoast-seo-wordpress\/ -->\n<title>H\u00e4ufige Fragen zur 300h Yoga Fortbildung - Redwood Yoga<\/title>\n<meta name=\"robots\" content=\"index, follow, max-snippet:-1, max-image-preview:large, max-video-preview:-1\" \/>\n<link rel=\"canonical\" href=\"https:\/\/redwoodyoga.de\/faq300fortbildung\" \/>\n<meta property=\"og:locale\" content=\"en_US\" \/>\n<meta property=\"og:type\" content=\"article\" \/>\n<meta property=\"og:title\" content=\"H\u00e4ufige Fragen zur 300h Yoga Fortbildung - Redwood Yoga\" \/>\n<meta property=\"og:description\" content=\"Deine Frage ist nicht dabei? Schreib uns an info@redwoodyoga.de\" \/>\n<meta property=\"og:url\" content=\"https:\/\/redwoodyoga.de\/faq300fortbildung\" \/>\n<meta property=\"og:site_name\" content=\"Redwood Yoga\" \/>\n<meta property=\"article:modified_time\" content=\"2025-11-28T10:40:16+00:00\" \/>\n<meta name=\"twitter:card\" content=\"summary_large_image\" \/>\n<meta name=\"twitter:label1\" content=\"Est. reading time\" \/>\n\t<meta name=\"twitter:data1\" content=\"6 minutes\" \/>\n<script type=\"application\/ld+json\" class=\"yoast-schema-graph\">{\"@context\":\"https:\/\/schema.org\",\"@graph\":[{\"@type\":\"WebPage\",\"@id\":\"https:\/\/redwoodyoga.de\/faq300fortbildung\",\"url\":\"https:\/\/redwoodyoga.de\/faq300fortbildung\",\"name\":\"H\u00e4ufige Fragen zur 300h Yoga Fortbildung - Redwood Yoga\",\"isPartOf\":{\"@id\":\"https:\/\/redwoodyoga.de\/#website\"},\"datePublished\":\"2023-03-03T15:25:28+00:00\",\"dateModified\":\"2025-11-28T10:40:16+00:00\",\"breadcrumb\":{\"@id\":\"https:\/\/redwoodyoga.de\/faq300fortbildung#breadcrumb\"},\"inLanguage\":\"en-US\",\"potentialAction\":[{\"@type\":\"ReadAction\",\"target\":[\"https:\/\/redwoodyoga.de\/faq300fortbildung\"]}]},{\"@type\":\"BreadcrumbList\",\"@id\":\"https:\/\/redwoodyoga.de\/faq300fortbildung#breadcrumb\",\"itemListElement\":[{\"@type\":\"ListItem\",\"position\":1,\"name\":\"Start\",\"item\":\"https:\/\/redwoodyoga.de\/\"},{\"@type\":\"ListItem\",\"position\":2,\"name\":\"H\u00e4ufige Fragen zur 300h Yoga Fortbildung\"}]},{\"@type\":\"WebSite\",\"@id\":\"https:\/\/redwoodyoga.de\/#website\",\"url\":\"https:\/\/redwoodyoga.de\/\",\"name\":\"Redwood Yoga\",\"description\":\"wachse \u00fcber dich hinaus\",\"publisher\":{\"@id\":\"https:\/\/redwoodyoga.de\/#organization\"},\"potentialAction\":[{\"@type\":\"SearchAction\",\"target\":{\"@type\":\"EntryPoint\",\"urlTemplate\":\"https:\/\/redwoodyoga.de\/?s={search_term_string}\"},\"query-input\":{\"@type\":\"PropertyValueSpecification\",\"valueRequired\":true,\"valueName\":\"search_term_string\"}}],\"inLanguage\":\"en-US\"},{\"@type\":\"Organization\",\"@id\":\"https:\/\/redwoodyoga.de\/#organization\",\"name\":\"Redwood Yoga\",\"url\":\"https:\/\/redwoodyoga.de\/\",\"logo\":{\"@type\":\"ImageObject\",\"inLanguage\":\"en-US\",\"@id\":\"https:\/\/redwoodyoga.de\/#\/schema\/logo\/image\/\",\"url\":\"https:\/\/redwoodyoga.de\/wp-content\/uploads\/2019\/02\/finishedlogomitkreis-e1631539893616.png\",\"contentUrl\":\"https:\/\/redwoodyoga.de\/wp-content\/uploads\/2019\/02\/finishedlogomitkreis-e1631539893616.png\",\"width\":70,\"height\":70,\"caption\":\"Redwood Yoga\"},\"image\":{\"@id\":\"https:\/\/redwoodyoga.de\/#\/schema\/logo\/image\/\"}}]}<\/script>\n<!-- \/ Yoast SEO plugin. -->","yoast_head_json":{"title":"H\u00e4ufige Fragen zur 300h Yoga Fortbildung - Redwood Yoga","robots":{"index":"index","follow":"follow","max-snippet":"max-snippet:-1","max-image-preview":"max-image-preview:large","max-video-preview":"max-video-preview:-1"},"canonical":"https:\/\/redwoodyoga.de\/faq300fortbildung","og_locale":"en_US","og_type":"article","og_title":"H\u00e4ufige Fragen zur 300h Yoga Fortbildung - Redwood Yoga","og_description":"Deine Frage ist nicht dabei? Schreib uns an info@redwoodyoga.de","og_url":"https:\/\/redwoodyoga.de\/faq300fortbildung","og_site_name":"Redwood Yoga","article_modified_time":"2025-11-28T10:40:16+00:00","twitter_card":"summary_large_image","twitter_misc":{"Est. reading time":"6 minutes"},"schema":{"@context":"https:\/\/schema.org","@graph":[{"@type":"WebPage","@id":"https:\/\/redwoodyoga.de\/faq300fortbildung","url":"https:\/\/redwoodyoga.de\/faq300fortbildung","name":"H\u00e4ufige Fragen zur 300h Yoga Fortbildung - Redwood Yoga","isPartOf":{"@id":"https:\/\/redwoodyoga.de\/#website"},"datePublished":"2023-03-03T15:25:28+00:00","dateModified":"2025-11-28T10:40:16+00:00","breadcrumb":{"@id":"https:\/\/redwoodyoga.de\/faq300fortbildung#breadcrumb"},"inLanguage":"en-US","potentialAction":[{"@type":"ReadAction","target":["https:\/\/redwoodyoga.de\/faq300fortbildung"]}]},{"@type":"BreadcrumbList","@id":"https:\/\/redwoodyoga.de\/faq300fortbildung#breadcrumb","itemListElement":[{"@type":"ListItem","position":1,"name":"Start","item":"https:\/\/redwoodyoga.de\/"},{"@type":"ListItem","position":2,"name":"H\u00e4ufige Fragen zur 300h Yoga Fortbildung"}]},{"@type":"WebSite","@id":"https:\/\/redwoodyoga.de\/#website","url":"https:\/\/redwoodyoga.de\/","name":"Redwood Yoga","description":"wachse \u00fcber dich hinaus","publisher":{"@id":"https:\/\/redwoodyoga.de\/#organization"},"potentialAction":[{"@type":"SearchAction","target":{"@type":"EntryPoint","urlTemplate":"https:\/\/redwoodyoga.de\/?s={search_term_string}"},"query-input":{"@type":"PropertyValueSpecification","valueRequired":true,"valueName":"search_term_string"}}],"inLanguage":"en-US"},{"@type":"Organization","@id":"https:\/\/redwoodyoga.de\/#organization","name":"Redwood Yoga","url":"https:\/\/redwoodyoga.de\/","logo":{"@type":"ImageObject","inLanguage":"en-US","@id":"https:\/\/redwoodyoga.de\/#\/schema\/logo\/image\/","url":"https:\/\/redwoodyoga.de\/wp-content\/uploads\/2019\/02\/finishedlogomitkreis-e1631539893616.png","contentUrl":"https:\/\/redwoodyoga.de\/wp-content\/uploads\/2019\/02\/finishedlogomitkreis-e1631539893616.png","width":70,"height":70,"caption":"Redwood Yoga"},"image":{"@id":"https:\/\/redwoodyoga.de\/#\/schema\/logo\/image\/"}}]}},"_links":{"self":[{"href":"https:\/\/redwoodyoga.de\/en\/wp-json\/wp\/v2\/pages\/2627","targetHints":{"allow":["GET"]}}],"collection":[{"href":"https:\/\/redwoodyoga.de\/en\/wp-json\/wp\/v2\/pages"}],"about":[{"href":"https:\/\/redwoodyoga.de\/en\/wp-json\/wp\/v2\/types\/page"}],"author":[{"embeddable":true,"href":"https:\/\/redwoodyoga.de\/en\/wp-json\/wp\/v2\/users\/1"}],"replies":[{"embeddable":true,"href":"https:\/\/redwoodyoga.de\/en\/wp-json\/wp\/v2\/comments?post=2627"}],"version-history":[{"count":11,"href":"https:\/\/redwoodyoga.de\/en\/wp-json\/wp\/v2\/pages\/2627\/revisions"}],"predecessor-version":[{"id":4461,"href":"https:\/\/redwoodyoga.de\/en\/wp-json\/wp\/v2\/pages\/2627\/revisions\/4461"}],"wp:attachment":[{"href":"https:\/\/redwoodyoga.de\/en\/wp-json\/wp\/v2\/media?parent=2627"}],"curies":[{"name":"wp","href":"https:\/\/api.w.org\/{rel}","templated":true}]}}