{"id":3694,"date":"2024-12-17T10:48:07","date_gmt":"2024-12-17T10:48:07","guid":{"rendered":"https:\/\/redwoodyoga.de\/?page_id=3694"},"modified":"2026-04-16T14:47:08","modified_gmt":"2026-04-16T14:47:08","slug":"team","status":"publish","type":"page","link":"https:\/\/redwoodyoga.de\/en\/team","title":{"rendered":"Team"},"content":{"rendered":"<h2 class=\"wp-block-heading has-text-align-center\">DAS REDWOOD TEAM<\/h2>\n\n\n\n<div class=\"wp-block-columns is-layout-flex wp-container-core-columns-is-layout-9d6595d7 wp-block-columns-is-layout-flex\">\n<div class=\"wp-block-column is-layout-flow wp-block-column-is-layout-flow\"><div class=\"wp-block-image is-style-rounded\">\n<figure class=\"alignright size-large is-resized\"><img loading=\"lazy\" decoding=\"async\" width=\"1024\" height=\"1024\" src=\"https:\/\/redwoodyoga.de\/wp-content\/uploads\/2021\/09\/Redwoodyoga_Sandra-Dienemann-Fotografie-025-scaled-e1733833295771-1024x1024.jpg\" alt=\"\" class=\"wp-image-1279\" style=\"width:256px;height:256px\" srcset=\"https:\/\/redwoodyoga.de\/wp-content\/uploads\/2021\/09\/Redwoodyoga_Sandra-Dienemann-Fotografie-025-scaled-e1733833295771-1024x1024.jpg 1024w, https:\/\/redwoodyoga.de\/wp-content\/uploads\/2021\/09\/Redwoodyoga_Sandra-Dienemann-Fotografie-025-scaled-e1733833295771-600x600.jpg 600w, https:\/\/redwoodyoga.de\/wp-content\/uploads\/2021\/09\/Redwoodyoga_Sandra-Dienemann-Fotografie-025-scaled-e1733833295771-768x768.jpg 768w, https:\/\/redwoodyoga.de\/wp-content\/uploads\/2021\/09\/Redwoodyoga_Sandra-Dienemann-Fotografie-025-scaled-e1733833295771-1536x1536.jpg 1536w, https:\/\/redwoodyoga.de\/wp-content\/uploads\/2021\/09\/Redwoodyoga_Sandra-Dienemann-Fotografie-025-scaled-e1733833295771.jpg 1702w\" sizes=\"auto, (max-width: 1024px) 100vw, 1024px\" \/><\/figure><\/div><\/div>\n\n\n\n<div class=\"wp-block-column is-layout-flow wp-block-column-is-layout-flow\">\n<p><\/p>\n\n\n\n<p><\/p>\n\n\n\n<p><strong>ANNALENA <br><\/strong> <br>Yogateacher E-RYT500<br>Founder Redwood Yoga<br><br> <span class=\"collapseomatic \" id=\"id69f31761961d4\"  tabindex=\"0\" title=\"More about Annalena\"    >More about Annalena<\/span><div id=\"target-id69f31761961d4\" class=\"collapseomatic_content \"> I took my first yoga class in 2008 when I lived in San Francisco (that&#8217;s also where I discovered my love for Redwoods), but I didn&#8217;t fall in love with the practice until a bit later, when I lost my health due to an accident and no doctor could really help me.<br>I started using yoga purposefully to heal and day by day I became witness of my health improving.<br>Since then, I am on my mat every day and love to pass on to my students what I experience in my daily practice and deepened in teacher trainings.<br><br>I firmly believe that every human being is an individual with different needs. There is no universal diet, yoga practice or therapy that suits everybody. That\u2019s why I put the focus in the classes on individuality, so each person can look into themselves, find their needs to become and stay healthy and happy.<br>Next to Yoga, I am also interested in nutrtion science (which I studied at Uni Bonn) and in my free time I love reading, wild dancing to my favorite music, interior design, supporting sustainability projects and being outside in nature.<br><br><strong>QUALIFICATIONS<\/strong><br>&#8211; 230h Yoga Teacher Training, AYC, USA (2015)<br>&#8211; 14h \u201cAdvancing Therapeutic Education\u201d with L. Kaminoff (2017)<br>&#8211; 300h Yoga Teacher Training, India (2017)<br>&#8211; 30h Yoga Therapy Training, India (2017)<br>&#8211; 25h \u201cAnatomy, Alignment, Adjustments\u201d with Mark Stephens (2018)<br>&#8211; 50h Yoga for Kids \u2013 YoBEKA (2018\/19)<br>&#8211; 24h Prenatal Yoga &#8211; Yogabelloso (2020)<br>&#8211; 300h Advanced Teacher Training with Dylan Werner (2021)<br>&#8211; 30h Zusatzausbildung Yoga Nidra (2023) <br>&#8211; 48h Thai Yoga Massage Training with Julia Weis (2023)<br>&#8211; 50h Alignment &amp; Adjustment (2024) <br><\/div>\n<\/div>\n<\/div>\n\n\n\n<div class=\"wp-block-columns is-layout-flex wp-container-core-columns-is-layout-9d6595d7 wp-block-columns-is-layout-flex\">\n<div class=\"wp-block-column is-layout-flow wp-block-column-is-layout-flow\"><div class=\"wp-block-image is-style-rounded\">\n<figure class=\"alignright size-large is-resized\"><img loading=\"lazy\" decoding=\"async\" width=\"1024\" height=\"1024\" src=\"https:\/\/redwoodyoga.de\/wp-content\/uploads\/2022\/01\/IMG_8770-1-scaled-e1733833823818-1024x1024.jpg\" alt=\"\" class=\"wp-image-1560\" style=\"width:256px;height:256px\" srcset=\"https:\/\/redwoodyoga.de\/wp-content\/uploads\/2022\/01\/IMG_8770-1-scaled-e1733833823818-1024x1024.jpg 1024w, https:\/\/redwoodyoga.de\/wp-content\/uploads\/2022\/01\/IMG_8770-1-scaled-e1733833823818-600x600.jpg 600w, https:\/\/redwoodyoga.de\/wp-content\/uploads\/2022\/01\/IMG_8770-1-scaled-e1733833823818-768x768.jpg 768w, https:\/\/redwoodyoga.de\/wp-content\/uploads\/2022\/01\/IMG_8770-1-scaled-e1733833823818-1536x1536.jpg 1536w, https:\/\/redwoodyoga.de\/wp-content\/uploads\/2022\/01\/IMG_8770-1-scaled-e1733833823818.jpg 1702w\" sizes=\"auto, (max-width: 1024px) 100vw, 1024px\" \/><\/figure><\/div><\/div>\n\n\n\n<div class=\"wp-block-column is-layout-flow wp-block-column-is-layout-flow\">\n<p><\/p>\n\n\n\n<p><\/p>\n\n\n\n<p><\/p>\n\n\n\n<p><strong>KALYAN<br><\/strong>Yogalehrer YT500<\/p>\n\n\n<span class=\"collapseomatic \" id=\"id69f3176196207\"  tabindex=\"0\" title=\"Mehr \u00fcber Kalyan erfahren\"    >Mehr \u00fcber Kalyan erfahren<\/span><div id=\"target-id69f3176196207\" class=\"collapseomatic_content \"><br data-rich-text-line-break=\"true\" style=\"color: rgb(0, 0, 0); font-family: -apple-system, BlinkMacSystemFont, &quot;Segoe UI&quot;, Roboto, Oxygen-Sans, Ubuntu, Cantarell, &quot;Helvetica Neue&quot;, sans-serif; font-size: 18px; font-style: normal; font-variant-ligatures: normal; font-variant-caps: normal; font-weight: 400; letter-spacing: normal; orphans: 2; text-align: start; text-indent: 0px; text-transform: none; widows: 2; word-spacing: 0px; -webkit-text-stroke-width: 0px; white-space: pre-wrap; background-color: rgb(255, 255, 255); text-decoration-thickness: initial; text-decoration-style: initial; text-decoration-color: initial;\"><span style=\"color: rgb(0, 0, 0); font-family: -apple-system, BlinkMacSystemFont, &quot;Segoe UI&quot;, Roboto, Oxygen-Sans, Ubuntu, Cantarell, &quot;Helvetica Neue&quot;, sans-serif; font-size: 18px; font-style: normal; font-variant-ligatures: normal; font-variant-caps: normal; font-weight: 400; letter-spacing: normal; orphans: 2; text-align: start; text-indent: 0px; text-transform: none; widows: 2; word-spacing: 0px; -webkit-text-stroke-width: 0px; white-space: pre-wrap; background-color: rgb(255, 255, 255); text-decoration-thickness: initial; text-decoration-style: initial; text-decoration-color: initial; display: inline !important; float: none;\">Hi, I\u2019m Kalyan. My yoga journey began in 2008 when I was too inflexible to boulder- I was strong enough, but totally inflexible and immobile from a mostly sedentary lifestyle during Uni. Back then I did yoga strictly to help my bouldering, but in 2011 I tore a ligament in my elbow climbing and started to slowly switch more and more to yoga as climbing was no longer an option for a few years.<\/span><br data-rich-text-line-break=\"true\" style=\"color: rgb(0, 0, 0); font-family: -apple-system, BlinkMacSystemFont, &quot;Segoe UI&quot;, Roboto, Oxygen-Sans, Ubuntu, Cantarell, &quot;Helvetica Neue&quot;, sans-serif; font-size: 18px; font-style: normal; font-variant-ligatures: normal; font-variant-caps: normal; font-weight: 400; letter-spacing: normal; orphans: 2; text-align: start; text-indent: 0px; text-transform: none; widows: 2; word-spacing: 0px; -webkit-text-stroke-width: 0px; white-space: pre-wrap; background-color: rgb(255, 255, 255); text-decoration-thickness: initial; text-decoration-style: initial; text-decoration-color: initial;\"><span style=\"color: rgb(0, 0, 0); font-family: -apple-system, BlinkMacSystemFont, &quot;Segoe UI&quot;, Roboto, Oxygen-Sans, Ubuntu, Cantarell, &quot;Helvetica Neue&quot;, sans-serif; font-size: 18px; font-style: normal; font-variant-ligatures: normal; font-variant-caps: normal; font-weight: 400; letter-spacing: normal; orphans: 2; text-align: start; text-indent: 0px; text-transform: none; widows: 2; word-spacing: 0px; -webkit-text-stroke-width: 0px; white-space: pre-wrap; background-color: rgb(255, 255, 255); text-decoration-thickness: initial; text-decoration-style: initial; text-decoration-color: initial; display: inline !important; float: none;\">After many years (2008-2015) of doing yoga irregularly, I began attending a Vinyasa class in German (manchmal Unterrichte ich auch auf Deutsch) regularly and then shortly thereafter deepened my own self-practice, including other facets of yoga than just the physical pieces, and I became happier, more balanced. In September 2017 I plunged into a teacher training in India and since April 2018 teach weekly classes.<\/span><br data-rich-text-line-break=\"true\" style=\"color: rgb(0, 0, 0); font-family: -apple-system, BlinkMacSystemFont, &quot;Segoe UI&quot;, Roboto, Oxygen-Sans, Ubuntu, Cantarell, &quot;Helvetica Neue&quot;, sans-serif; font-size: 18px; font-style: normal; font-variant-ligatures: normal; font-variant-caps: normal; font-weight: 400; letter-spacing: normal; orphans: 2; text-align: start; text-indent: 0px; text-transform: none; widows: 2; word-spacing: 0px; -webkit-text-stroke-width: 0px; white-space: pre-wrap; background-color: rgb(255, 255, 255); text-decoration-thickness: initial; text-decoration-style: initial; text-decoration-color: initial;\"><span style=\"color: rgb(0, 0, 0); font-family: -apple-system, BlinkMacSystemFont, &quot;Segoe UI&quot;, Roboto, Oxygen-Sans, Ubuntu, Cantarell, &quot;Helvetica Neue&quot;, sans-serif; font-size: 18px; font-style: normal; font-variant-ligatures: normal; font-variant-caps: normal; font-weight: 400; letter-spacing: normal; orphans: 2; text-align: start; text-indent: 0px; text-transform: none; widows: 2; word-spacing: 0px; -webkit-text-stroke-width: 0px; white-space: pre-wrap; background-color: rgb(255, 255, 255); text-decoration-thickness: initial; text-decoration-style: initial; text-decoration-color: initial; display: inline !important; float: none;\">Teaching gives me energy- I love sharing yoga with my students- and is always one of the best parts of my day. I like to challenge myself in dynamic strength-based yoga but also very much love yin (deep holds) yoga and exploring mobility, and my classes reflect this balance.<\/span><br data-rich-text-line-break=\"true\" style=\"color: rgb(0, 0, 0); font-family: -apple-system, BlinkMacSystemFont, &quot;Segoe UI&quot;, Roboto, Oxygen-Sans, Ubuntu, Cantarell, &quot;Helvetica Neue&quot;, sans-serif; font-size: 18px; font-style: normal; font-variant-ligatures: normal; font-variant-caps: normal; font-weight: 400; letter-spacing: normal; orphans: 2; text-align: start; text-indent: 0px; text-transform: none; widows: 2; word-spacing: 0px; -webkit-text-stroke-width: 0px; white-space: pre-wrap; background-color: rgb(255, 255, 255); text-decoration-thickness: initial; text-decoration-style: initial; text-decoration-color: initial;\"><span style=\"color: rgb(0, 0, 0); font-family: -apple-system, BlinkMacSystemFont, &quot;Segoe UI&quot;, Roboto, Oxygen-Sans, Ubuntu, Cantarell, &quot;Helvetica Neue&quot;, sans-serif; font-size: 18px; font-style: normal; font-variant-ligatures: normal; font-variant-caps: normal; font-weight: 400; letter-spacing: normal; orphans: 2; text-align: start; text-indent: 0px; text-transform: none; widows: 2; word-spacing: 0px; -webkit-text-stroke-width: 0px; white-space: pre-wrap; background-color: rgb(255, 255, 255); text-decoration-thickness: initial; text-decoration-style: initial; text-decoration-color: initial; display: inline !important; float: none;\">I welcome all students with open arms, and am happy to help introduce you to or deepen your way on the path of yoga; and remember- the journey is your own, I am only there to help guide you, so you go only as far as you like. See you on the mat!<\/span><br data-rich-text-line-break=\"true\" style=\"color: rgb(0, 0, 0); font-family: -apple-system, BlinkMacSystemFont, &quot;Segoe UI&quot;, Roboto, Oxygen-Sans, Ubuntu, Cantarell, &quot;Helvetica Neue&quot;, sans-serif; font-size: 18px; font-style: normal; font-variant-ligatures: normal; font-variant-caps: normal; font-weight: 400; letter-spacing: normal; orphans: 2; text-align: start; text-indent: 0px; text-transform: none; widows: 2; word-spacing: 0px; -webkit-text-stroke-width: 0px; white-space: pre-wrap; background-color: rgb(255, 255, 255); text-decoration-thickness: initial; text-decoration-style: initial; text-decoration-color: initial;\"><span style=\"color: rgb(0, 0, 0); font-family: -apple-system, BlinkMacSystemFont, &quot;Segoe UI&quot;, Roboto, Oxygen-Sans, Ubuntu, Cantarell, &quot;Helvetica Neue&quot;, sans-serif; font-size: 18px; font-style: normal; font-variant-ligatures: normal; font-variant-caps: normal; font-weight: 400; letter-spacing: normal; orphans: 2; text-align: start; text-indent: 0px; text-transform: none; widows: 2; word-spacing: 0px; -webkit-text-stroke-width: 0px; white-space: pre-wrap; background-color: rgb(255, 255, 255); text-decoration-thickness: initial; text-decoration-style: initial; text-decoration-color: initial; display: inline !important; float: none;\">Come to my class if you: practice yoga in English, are looking for some creative flows, are a new or an experienced yogi, or if you enjoy the occasional laugh or tangent in class (I don\u2019t take anything, including yoga, too seriously).<\/span><br data-rich-text-line-break=\"true\" style=\"color: rgb(0, 0, 0); font-family: -apple-system, BlinkMacSystemFont, &quot;Segoe UI&quot;, Roboto, Oxygen-Sans, Ubuntu, Cantarell, &quot;Helvetica Neue&quot;, sans-serif; font-size: 18px; font-style: normal; font-variant-ligatures: normal; font-variant-caps: normal; font-weight: 400; letter-spacing: normal; orphans: 2; text-align: start; text-indent: 0px; text-transform: none; widows: 2; word-spacing: 0px; -webkit-text-stroke-width: 0px; white-space: pre-wrap; background-color: rgb(255, 255, 255); text-decoration-thickness: initial; text-decoration-style: initial; text-decoration-color: initial;\"><br data-rich-text-line-break=\"true\" style=\"color: rgb(0, 0, 0); font-family: -apple-system, BlinkMacSystemFont, &quot;Segoe UI&quot;, Roboto, Oxygen-Sans, Ubuntu, Cantarell, &quot;Helvetica Neue&quot;, sans-serif; font-size: 18px; font-style: normal; font-variant-ligatures: normal; font-variant-caps: normal; font-weight: 400; letter-spacing: normal; orphans: 2; text-align: start; text-indent: 0px; text-transform: none; widows: 2; word-spacing: 0px; -webkit-text-stroke-width: 0px; white-space: pre-wrap; background-color: rgb(255, 255, 255); text-decoration-thickness: initial; text-decoration-style: initial; text-decoration-color: initial;\"><strong style=\"font-weight: 600; color: rgb(0, 0, 0); font-family: -apple-system, BlinkMacSystemFont, &quot;Segoe UI&quot;, Roboto, Oxygen-Sans, Ubuntu, Cantarell, &quot;Helvetica Neue&quot;, sans-serif; font-size: 18px; font-style: normal; font-variant-ligatures: normal; font-variant-caps: normal; letter-spacing: normal; orphans: 2; text-align: start; text-indent: 0px; text-transform: none; widows: 2; word-spacing: 0px; -webkit-text-stroke-width: 0px; white-space: pre-wrap; background-color: rgb(255, 255, 255); text-decoration-thickness: initial; text-decoration-style: initial; text-decoration-color: initial;\">QUALIFICATIONS:<br data-rich-text-line-break=\"true\"><\/strong><span style=\"color: rgb(0, 0, 0); font-family: -apple-system, BlinkMacSystemFont, &quot;Segoe UI&quot;, Roboto, Oxygen-Sans, Ubuntu, Cantarell, &quot;Helvetica Neue&quot;, sans-serif; font-size: 18px; font-style: normal; font-variant-ligatures: normal; font-variant-caps: normal; font-weight: 400; letter-spacing: normal; orphans: 2; text-align: start; text-indent: 0px; text-transform: none; widows: 2; word-spacing: 0px; -webkit-text-stroke-width: 0px; white-space: pre-wrap; background-color: rgb(255, 255, 255); text-decoration-thickness: initial; text-decoration-style: initial; text-decoration-color: initial; display: inline !important; float: none;\">&#8211; 200hr Yoga Teacher Training, India (2017)<\/span><br data-rich-text-line-break=\"true\" style=\"color: rgb(0, 0, 0); font-family: -apple-system, BlinkMacSystemFont, &quot;Segoe UI&quot;, Roboto, Oxygen-Sans, Ubuntu, Cantarell, &quot;Helvetica Neue&quot;, sans-serif; font-size: 18px; font-style: normal; font-variant-ligatures: normal; font-variant-caps: normal; font-weight: 400; letter-spacing: normal; orphans: 2; text-align: start; text-indent: 0px; text-transform: none; widows: 2; word-spacing: 0px; -webkit-text-stroke-width: 0px; white-space: pre-wrap; background-color: rgb(255, 255, 255); text-decoration-thickness: initial; text-decoration-style: initial; text-decoration-color: initial;\"><span style=\"color: rgb(0, 0, 0); font-family: -apple-system, BlinkMacSystemFont, &quot;Segoe UI&quot;, Roboto, Oxygen-Sans, Ubuntu, Cantarell, &quot;Helvetica Neue&quot;, sans-serif; font-size: 18px; font-style: normal; font-variant-ligatures: normal; font-variant-caps: normal; font-weight: 400; letter-spacing: normal; orphans: 2; text-align: start; text-indent: 0px; text-transform: none; widows: 2; word-spacing: 0px; -webkit-text-stroke-width: 0px; white-space: pre-wrap; background-color: rgb(255, 255, 255); text-decoration-thickness: initial; text-decoration-style: initial; text-decoration-color: initial; display: inline !important; float: none;\">&#8211; 30hr Yoga Therapy Training, India (2017)<\/span><br data-rich-text-line-break=\"true\" style=\"color: rgb(0, 0, 0); font-family: -apple-system, BlinkMacSystemFont, &quot;Segoe UI&quot;, Roboto, Oxygen-Sans, Ubuntu, Cantarell, &quot;Helvetica Neue&quot;, sans-serif; font-size: 18px; font-style: normal; font-variant-ligatures: normal; font-variant-caps: normal; font-weight: 400; letter-spacing: normal; orphans: 2; text-align: start; text-indent: 0px; text-transform: none; widows: 2; word-spacing: 0px; -webkit-text-stroke-width: 0px; white-space: pre-wrap; background-color: rgb(255, 255, 255); text-decoration-thickness: initial; text-decoration-style: initial; text-decoration-color: initial;\"><span style=\"color: rgb(0, 0, 0); font-family: -apple-system, BlinkMacSystemFont, &quot;Segoe UI&quot;, Roboto, Oxygen-Sans, Ubuntu, Cantarell, &quot;Helvetica Neue&quot;, sans-serif; font-size: 18px; font-style: normal; font-variant-ligatures: normal; font-variant-caps: normal; font-weight: 400; letter-spacing: normal; orphans: 2; text-align: start; text-indent: 0px; text-transform: none; widows: 2; word-spacing: 0px; -webkit-text-stroke-width: 0px; white-space: pre-wrap; background-color: rgb(255, 255, 255); text-decoration-thickness: initial; text-decoration-style: initial; text-decoration-color: initial; display: inline !important; float: none;\">&#8211; 25hr Mark Stephens Alignment\/Adjustment Training (2018)<\/span><br data-rich-text-line-break=\"true\" style=\"color: rgb(0, 0, 0); font-family: -apple-system, BlinkMacSystemFont, &quot;Segoe UI&quot;, Roboto, Oxygen-Sans, Ubuntu, Cantarell, &quot;Helvetica Neue&quot;, sans-serif; font-size: 18px; font-style: normal; font-variant-ligatures: normal; font-variant-caps: normal; font-weight: 400; letter-spacing: normal; orphans: 2; text-align: start; text-indent: 0px; text-transform: none; widows: 2; word-spacing: 0px; -webkit-text-stroke-width: 0px; white-space: pre-wrap; background-color: rgb(255, 255, 255); text-decoration-thickness: initial; text-decoration-style: initial; text-decoration-color: initial;\"><span style=\"color: rgb(0, 0, 0); font-family: -apple-system, BlinkMacSystemFont, &quot;Segoe UI&quot;, Roboto, Oxygen-Sans, Ubuntu, Cantarell, &quot;Helvetica Neue&quot;, sans-serif; font-size: 18px; font-style: normal; font-variant-ligatures: normal; font-variant-caps: normal; font-weight: 400; letter-spacing: normal; orphans: 2; text-align: start; text-indent: 0px; text-transform: none; widows: 2; word-spacing: 0px; -webkit-text-stroke-width: 0px; white-space: pre-wrap; background-color: rgb(255, 255, 255); text-decoration-thickness: initial; text-decoration-style: initial; text-decoration-color: initial; display: inline !important; float: none;\">-100hr Yoga Personal Trainer \/ Yogatherapeutischer Berater, WAY (2020)<\/span><br data-rich-text-line-break=\"true\" style=\"color: rgb(0, 0, 0); font-family: -apple-system, BlinkMacSystemFont, &quot;Segoe UI&quot;, Roboto, Oxygen-Sans, Ubuntu, Cantarell, &quot;Helvetica Neue&quot;, sans-serif; font-size: 18px; font-style: normal; font-variant-ligatures: normal; font-variant-caps: normal; font-weight: 400; letter-spacing: normal; orphans: 2; text-align: start; text-indent: 0px; text-transform: none; widows: 2; word-spacing: 0px; -webkit-text-stroke-width: 0px; white-space: pre-wrap; background-color: rgb(255, 255, 255); text-decoration-thickness: initial; text-decoration-style: initial; text-decoration-color: initial;\"><span style=\"color: rgb(0, 0, 0); font-family: -apple-system, BlinkMacSystemFont, &quot;Segoe UI&quot;, Roboto, Oxygen-Sans, Ubuntu, Cantarell, &quot;Helvetica Neue&quot;, sans-serif; font-size: 18px; font-style: normal; font-variant-ligatures: normal; font-variant-caps: normal; font-weight: 400; letter-spacing: normal; orphans: 2; text-align: start; text-indent: 0px; text-transform: none; widows: 2; word-spacing: 0px; -webkit-text-stroke-width: 0px; white-space: pre-wrap; background-color: rgb(255, 255, 255); text-decoration-thickness: initial; text-decoration-style: initial; text-decoration-color: initial; display: inline !important; float: none;\">&#8211; 200hr Ashtanga Training, WAY (2020\/21)<\/span><br data-rich-text-line-break=\"true\" style=\"color: rgb(0, 0, 0); font-family: -apple-system, BlinkMacSystemFont, &quot;Segoe UI&quot;, Roboto, Oxygen-Sans, Ubuntu, Cantarell, &quot;Helvetica Neue&quot;, sans-serif; font-size: 18px; font-style: normal; font-variant-ligatures: normal; font-variant-caps: normal; font-weight: 400; letter-spacing: normal; orphans: 2; text-align: start; text-indent: 0px; text-transform: none; widows: 2; word-spacing: 0px; -webkit-text-stroke-width: 0px; white-space: pre-wrap; background-color: rgb(255, 255, 255); text-decoration-thickness: initial; text-decoration-style: initial; text-decoration-color: initial;\"><span style=\"color: rgb(0, 0, 0); font-family: -apple-system, BlinkMacSystemFont, &quot;Segoe UI&quot;, Roboto, Oxygen-Sans, Ubuntu, Cantarell, &quot;Helvetica Neue&quot;, sans-serif; font-size: 18px; font-style: normal; font-variant-ligatures: normal; font-variant-caps: normal; font-weight: 400; letter-spacing: normal; orphans: 2; text-align: start; text-indent: 0px; text-transform: none; widows: 2; word-spacing: 0px; -webkit-text-stroke-width: 0px; white-space: pre-wrap; background-color: rgb(255, 255, 255); text-decoration-thickness: initial; text-decoration-style: initial; text-decoration-color: initial; display: inline !important; float: none;\">&#8211; 48h Thai Yoga Massage Training, Julia Weis (2023)<\/span><br data-rich-text-line-break=\"true\" style=\"color: rgb(0, 0, 0); font-family: -apple-system, BlinkMacSystemFont, &quot;Segoe UI&quot;, Roboto, Oxygen-Sans, Ubuntu, Cantarell, &quot;Helvetica Neue&quot;, sans-serif; font-size: 18px; font-style: normal; font-variant-ligatures: normal; font-variant-caps: normal; font-weight: 400; letter-spacing: normal; orphans: 2; text-align: start; text-indent: 0px; text-transform: none; widows: 2; word-spacing: 0px; -webkit-text-stroke-width: 0px; white-space: pre-wrap; background-color: rgb(255, 255, 255); text-decoration-thickness: initial; text-decoration-style: initial; text-decoration-color: initial;\"><br data-rich-text-line-break=\"true\" style=\"color: rgb(0, 0, 0); font-family: -apple-system, BlinkMacSystemFont, &quot;Segoe UI&quot;, Roboto, Oxygen-Sans, Ubuntu, Cantarell, &quot;Helvetica Neue&quot;, sans-serif; font-size: 18px; font-style: normal; font-variant-ligatures: normal; font-variant-caps: normal; font-weight: 400; letter-spacing: normal; orphans: 2; text-align: start; text-indent: 0px; text-transform: none; widows: 2; word-spacing: 0px; -webkit-text-stroke-width: 0px; white-space: pre-wrap; background-color: rgb(255, 255, 255); text-decoration-thickness: initial; text-decoration-style: initial; text-decoration-color: initial;\"><span style=\"color: rgb(0, 0, 0); font-family: -apple-system, BlinkMacSystemFont, &quot;Segoe UI&quot;, Roboto, Oxygen-Sans, Ubuntu, Cantarell, &quot;Helvetica Neue&quot;, sans-serif; font-size: 18px; font-style: normal; font-variant-ligatures: normal; font-variant-caps: normal; font-weight: 400; letter-spacing: normal; orphans: 2; text-align: start; text-indent: 0px; text-transform: none; widows: 2; word-spacing: 0px; -webkit-text-stroke-width: 0px; white-space: pre-wrap; background-color: rgb(255, 255, 255); text-decoration-thickness: initial; text-decoration-style: initial; text-decoration-color: initial; display: inline !important; float: none;\"><\/div><\/span><\/p>\n<\/div>\n<\/div>\n\n\n\n<p><\/p>\n\n\n\n<hr class=\"wp-block-separator has-alpha-channel-opacity\"\/>\n\n\n\n<h2 class=\"wp-block-heading has-text-align-center\">SELBSTST\u00c4NDIGE PARTNER IM REDWOOD<\/h2>\n\n\n\n<p><\/p>\n\n\n\n<p><\/p>\n\n\n\n<div class=\"wp-block-columns is-layout-flex wp-container-core-columns-is-layout-9d6595d7 wp-block-columns-is-layout-flex\">\n<div class=\"wp-block-column is-layout-flow wp-block-column-is-layout-flow\"><div class=\"wp-block-image is-style-rounded\">\n<figure class=\"aligncenter size-large is-resized\"><img loading=\"lazy\" decoding=\"async\" width=\"1024\" height=\"1024\" src=\"https:\/\/redwoodyoga.de\/wp-content\/uploads\/2024\/12\/IMG_0466-01-scaled-e1733835294273-1024x1024.jpeg\" alt=\"\" class=\"wp-image-3692\" style=\"width:256px;height:256px\" srcset=\"https:\/\/redwoodyoga.de\/wp-content\/uploads\/2024\/12\/IMG_0466-01-scaled-e1733835294273-1024x1024.jpeg 1024w, https:\/\/redwoodyoga.de\/wp-content\/uploads\/2024\/12\/IMG_0466-01-scaled-e1733835294273-600x600.jpeg 600w, https:\/\/redwoodyoga.de\/wp-content\/uploads\/2024\/12\/IMG_0466-01-scaled-e1733835294273-768x768.jpeg 768w, https:\/\/redwoodyoga.de\/wp-content\/uploads\/2024\/12\/IMG_0466-01-scaled-e1733835294273-1536x1536.jpeg 1536w, https:\/\/redwoodyoga.de\/wp-content\/uploads\/2024\/12\/IMG_0466-01-scaled-e1733835294273.jpeg 1702w\" sizes=\"auto, (max-width: 1024px) 100vw, 1024px\" \/><\/figure><\/div>\n\n\n<p class=\"has-text-align-center\"><strong>ANA<\/strong><br><span class=\"collapseomatic \" id=\"id69f3176196242\"  tabindex=\"0\" title=\"Yogalehrerin E-RYT200, RYT 500\"    >Yogalehrerin E-RYT200, RYT 500<\/span><div id=\"target-id69f3176196242\" class=\"collapseomatic_content \">\n\n\n\n<p class=\"has-text-align-center\"><em>Vinyasa, Yin, Yoga Nidra, Kakao Zeremonien<\/em><\/p>\n\n\n\n<p class=\"has-text-align-left\">Yoga means to me empowerment and a deep connection to my body, mind, soul and the world<\/p>\n\n\n\n<p class=\"has-text-align-left\">Next to Yoga I also love travelling, CrossFit, Chanting &amp; Ceremonial Cacao<br><br><strong>QUALIFIKATIONEN<\/strong>:<br>&#8211; 200h Vinyasa &amp; Pranayama<br>bei TVP (2020)<br>&#8211; 300h Vinyasa &amp; Breathwork + Yin<br>bei TVP (2021)<br>&#8211; 50h Sequencing Mentorship<br>mit Rachel Scott (2021)<br>&#8211; 300h Uplifted Yoga TTC<br>mit Brett Larkin (2023)<br>&#8211; 70h Yin, Yoga Nidra &amp; Sound Healing<br>mit Kristi Kutner (2023)<br>&#8211; Cacao Facilitator TTC<br>mit Kim Ruwa (2023)<br>&#8211; Sound Healing Level 1 Training<br>bei Cosmic Gong (2023)<br>&#8211; 25h Art of Hands-On-Assists<br>mit Annalena van Beek (2024)<br>&#8211; 30h Bhakti TTC<br>bei Floripa Academy (2024) <\/p>\n\n\n\n<p><a href=\"https:\/\/www.bemindflow.guru\/\" target=\"_blank\" rel=\"noreferrer noopener\">Ana&#8217;s Website<\/a> (ext. Link)<\/p>\n\n\n\n<p class=\"has-text-align-left has-small-font-size\"><\/div><br><br><\/p>\n<\/div>\n\n\n\n<div class=\"wp-block-column is-layout-flow wp-block-column-is-layout-flow\"><div class=\"wp-block-image is-style-rounded\">\n<figure class=\"aligncenter size-large is-resized\"><img loading=\"lazy\" decoding=\"async\" width=\"1024\" height=\"1024\" src=\"https:\/\/redwoodyoga.de\/wp-content\/uploads\/2022\/05\/IMG_8501-01-scaled-e1733834792931-1024x1024.jpeg\" alt=\"\" class=\"wp-image-1774\" style=\"width:256px;height:256px\" srcset=\"https:\/\/redwoodyoga.de\/wp-content\/uploads\/2022\/05\/IMG_8501-01-scaled-e1733834792931-1024x1024.jpeg 1024w, https:\/\/redwoodyoga.de\/wp-content\/uploads\/2022\/05\/IMG_8501-01-scaled-e1733834792931-600x600.jpeg 600w, https:\/\/redwoodyoga.de\/wp-content\/uploads\/2022\/05\/IMG_8501-01-scaled-e1733834792931-768x768.jpeg 768w, https:\/\/redwoodyoga.de\/wp-content\/uploads\/2022\/05\/IMG_8501-01-scaled-e1733834792931-1536x1536.jpeg 1536w, https:\/\/redwoodyoga.de\/wp-content\/uploads\/2022\/05\/IMG_8501-01-scaled-e1733834792931.jpeg 1702w\" sizes=\"auto, (max-width: 1024px) 100vw, 1024px\" \/><\/figure><\/div>\n\n\n<p class=\"has-text-align-center\"><strong>INES<\/strong><br><span class=\"collapseomatic \" id=\"id69f3176196259\"  tabindex=\"0\" title=\"Yogalehrerin RYT 500\"    >Yogalehrerin RYT 500<\/span><div id=\"target-id69f3176196259\" class=\"collapseomatic_content \">\n\n\n\n<p class=\"has-text-align-center\"><em>Hatha, Mantra Yoga<br><\/em><\/p>\n\n\n\n<p class=\"has-text-align-left\">Neben dem Yoga schl\u00e4gt mein Herz f\u00fcr Klimaschutz, Drau\u00dfensein und gute Musik.<br><\/p>\n\n\n\n<p class=\"has-text-align-left\"><strong>QUALIFIKATIONEN<\/strong>:<br>&#8211; Mindful Self Compassion<br>mit J\u00f6rg Mangold (2016)<br>&#8211; 200h Yogalehrer-Ausbildung<br>mit &nbsp;Shiva Rishi (2018)<br>&#8211; The Art of Adjustment<br>mit Karla Stanek (2019)<br>&#8211; Yoga &amp; Psychologie<br>im Sivananda Ashram (2019)<br>&#8211; 300h Yogalehrer-Ausbildung<br>mit Mark Stephens (2022)<br>&#8211; 30h Gesundheitspr\u00e4vention &amp; -f\u00f6rderung<br>mit Mark Stephens (2023)<br>&#8211; 25h Art of Hands-On-Assists<br>mit Annalena van Beek (2024)<\/p>\n\n\n\n<p><a href=\"https:\/\/www.instagram.com\/yogines_bn\/\" target=\"_blank\" rel=\"noreferrer noopener\">Ines&#8217; Instagram<\/a> (ext. Link)<\/p>\n\n\n\n<p class=\"has-small-font-size\"><br><\/div>\n<\/div>\n\n\n\n<div class=\"wp-block-column is-layout-flow wp-block-column-is-layout-flow\"><div class=\"wp-block-image is-style-rounded\">\n<figure class=\"aligncenter size-large is-resized\"><img loading=\"lazy\" decoding=\"async\" width=\"1024\" height=\"1024\" src=\"https:\/\/redwoodyoga.de\/wp-content\/uploads\/2024\/05\/IMG_0384-01-1-scaled-e1733835363462-1024x1024.jpeg\" alt=\"\" class=\"wp-image-3496\" style=\"width:256px;height:256px\" srcset=\"https:\/\/redwoodyoga.de\/wp-content\/uploads\/2024\/05\/IMG_0384-01-1-scaled-e1733835363462-1024x1024.jpeg 1024w, https:\/\/redwoodyoga.de\/wp-content\/uploads\/2024\/05\/IMG_0384-01-1-scaled-e1733835363462-600x600.jpeg 600w, https:\/\/redwoodyoga.de\/wp-content\/uploads\/2024\/05\/IMG_0384-01-1-scaled-e1733835363462-768x768.jpeg 768w, https:\/\/redwoodyoga.de\/wp-content\/uploads\/2024\/05\/IMG_0384-01-1-scaled-e1733835363462-1536x1536.jpeg 1536w, https:\/\/redwoodyoga.de\/wp-content\/uploads\/2024\/05\/IMG_0384-01-1-scaled-e1733835363462.jpeg 1702w\" sizes=\"auto, (max-width: 1024px) 100vw, 1024px\" \/><\/figure><\/div>\n\n\n<p class=\"has-text-align-center\"><strong>ROXANA<\/strong><br><span class=\"collapseomatic \" id=\"id69f317619626d\"  tabindex=\"0\" title=\"Yogalehrerin YT 200\"    >Yogalehrerin YT 200<\/span><div id=\"target-id69f317619626d\" class=\"collapseomatic_content \">\n\n\n\n<p class=\"has-text-align-center\"><em>Hatha, Vinyasa, Yin Yoga<\/em><\/p>\n\n\n\n<p><strong>QUALIFIKATIONEN<\/strong>:<br>&#8211; 200h Yoga Teacher Training<br>Dhyan Mandir Ashram (2023)<br>&#8211; 40h Inner Engineering <br>mit Isha by Sadhguru (2023)<br>&#8211; 25h Yin Yoga Intensive Training <br>mit Julia Kupke (2024)<br>&#8211; 25h Yogatherapie &amp; funktionelle Anatomie<br> bei Redwood Yoga Bonn (2024)<\/p>\n\n\n\n<p><a href=\"https:\/\/www.instagram.com\/roxybefoxy_yoga\/\" target=\"_blank\" rel=\"noreferrer noopener\">Roxana&#8217;s Instagram<\/a> (ext. Link)<\/p>\n\n\n\n<p class=\"has-small-font-size\"><br><\/div>\n\n\n\n<p class=\"has-text-align-center\"><br><\/p>\n<\/div>\n<\/div>\n\n\n\n<div class=\"wp-block-columns is-layout-flex wp-container-core-columns-is-layout-9d6595d7 wp-block-columns-is-layout-flex\">\n<div class=\"wp-block-column is-layout-flow wp-block-column-is-layout-flow\"><div class=\"wp-block-image is-style-rounded\">\n<figure class=\"aligncenter size-large is-resized\"><img loading=\"lazy\" decoding=\"async\" width=\"1024\" height=\"1024\" src=\"https:\/\/redwoodyoga.de\/wp-content\/uploads\/2022\/01\/IMG_8647-01-scaled-e1733835779503-1024x1024.jpeg\" alt=\"\" class=\"wp-image-1563\" style=\"width:256px;height:256px\" srcset=\"https:\/\/redwoodyoga.de\/wp-content\/uploads\/2022\/01\/IMG_8647-01-scaled-e1733835779503-1024x1024.jpeg 1024w, https:\/\/redwoodyoga.de\/wp-content\/uploads\/2022\/01\/IMG_8647-01-scaled-e1733835779503-600x600.jpeg 600w, https:\/\/redwoodyoga.de\/wp-content\/uploads\/2022\/01\/IMG_8647-01-scaled-e1733835779503-768x768.jpeg 768w, https:\/\/redwoodyoga.de\/wp-content\/uploads\/2022\/01\/IMG_8647-01-scaled-e1733835779503-1536x1536.jpeg 1536w, https:\/\/redwoodyoga.de\/wp-content\/uploads\/2022\/01\/IMG_8647-01-scaled-e1733835779503.jpeg 1702w\" sizes=\"auto, (max-width: 1024px) 100vw, 1024px\" \/><\/figure><\/div>\n\n\n<p class=\"has-text-align-center\"><strong>MIE<\/strong><br><span class=\"collapseomatic \" id=\"id69f3176196281\"  tabindex=\"0\" title=\"Yogalehrerin E-RYT200, RYT500\"    >Yogalehrerin E-RYT200, RYT500<\/span><div id=\"target-id69f3176196281\" class=\"collapseomatic_content \">\n\n\n\n<p class=\"has-text-align-center\"><em>Vinyasa Yoga <\/em><\/p>\n\n\n\n<p class=\"has-text-align-left\"><strong>QUALIFIKATIONEN<\/strong>:<br>\u2013 200hr Yoga Teacher Training, Tranquil Space Yoga<\/p>\n\n\n\n<p><a href=\"http:\/\/flowwithmie.com\" target=\"_blank\" rel=\"noreferrer noopener\">Mie&#8217;s Website<\/a> (ext. Link)<br><\/div>\n\n\n\n<p><br><\/p>\n<\/div>\n\n\n\n<div class=\"wp-block-column is-layout-flow wp-block-column-is-layout-flow\"><div class=\"wp-block-image is-style-rounded\">\n<figure class=\"aligncenter size-large is-resized\"><img loading=\"lazy\" decoding=\"async\" width=\"1024\" height=\"1024\" src=\"https:\/\/redwoodyoga.de\/wp-content\/uploads\/2024\/12\/IMG_9226-01-scaled-e1733837530160-1024x1024.jpeg\" alt=\"\" class=\"wp-image-3693\" style=\"width:256px;height:256px\" srcset=\"https:\/\/redwoodyoga.de\/wp-content\/uploads\/2024\/12\/IMG_9226-01-scaled-e1733837530160-1024x1024.jpeg 1024w, https:\/\/redwoodyoga.de\/wp-content\/uploads\/2024\/12\/IMG_9226-01-scaled-e1733837530160-600x600.jpeg 600w, https:\/\/redwoodyoga.de\/wp-content\/uploads\/2024\/12\/IMG_9226-01-scaled-e1733837530160-768x768.jpeg 768w, https:\/\/redwoodyoga.de\/wp-content\/uploads\/2024\/12\/IMG_9226-01-scaled-e1733837530160-1536x1536.jpeg 1536w, https:\/\/redwoodyoga.de\/wp-content\/uploads\/2024\/12\/IMG_9226-01-scaled-e1733837530160.jpeg 1702w\" sizes=\"auto, (max-width: 1024px) 100vw, 1024px\" \/><\/figure><\/div>\n\n\n<p class=\"has-text-align-center\"><strong>LUISE<\/strong><br><span class=\"collapseomatic \" id=\"id69f3176196293\"  tabindex=\"0\" title=\"Yogalehrerin YT 200\"    >Yogalehrerin YT 200<\/span><div id=\"target-id69f3176196293\" class=\"collapseomatic_content \">\n\n\n\n<p class=\"has-text-align-center\"><em>Hatha, Vinyasa Yoga<\/em><\/p>\n\n\n\n<p class=\"has-text-align-left\">Yoga bedeutet f\u00fcr mich Dynamik, Entspannung und das Zusammensein von Vielem.<\/p>\n\n\n\n<p class=\"has-text-align-left\">Neben dem Yoga schl\u00e4gt mein Herz f\u00fcr Natur, Reisen und Kreativit\u00e4t<\/p>\n\n\n\n<p class=\"has-text-align-left\"><strong><strong>QUALIFIKATIONEN<\/strong><\/strong>:<br>&#8211; 200h Yogalehrerin Ausbildung<br>bei Redwood Yoga Bonn (2022)<br>&#8211; 46h Bhakti Yoga<br>mit Florian Heinzmann (2023)<br>&#8211; 60h Yoga Philosophie<br>mit Florian Heinzmann (2024)<br>&#8211; 25h Yogatherapie &amp; funktionelle Anatomie<br>bei Redwood Yoga Bonn (2024)<br>&#8211; 25h Advancing Asana,<br>mit Annalena van Beek (2024)<\/p>\n\n\n\n<p><a href=\"http:\/\/www.yoga-mit-luise.de\" target=\"_blank\" rel=\"noreferrer noopener\">Luise&#8217;s Website<\/a> (ext. Link)<\/p>\n\n\n\n<p class=\"has-text-align-left\"><\/div> <\/p>\n<\/div>\n\n\n\n<div class=\"wp-block-column is-layout-flow wp-block-column-is-layout-flow\"><div class=\"wp-block-image is-style-rounded\">\n<figure class=\"aligncenter size-large is-resized\"><img loading=\"lazy\" decoding=\"async\" width=\"1024\" height=\"1024\" src=\"https:\/\/redwoodyoga.de\/wp-content\/uploads\/2023\/01\/Theresa-Website-1-scaled-e1733837637715-1024x1024.jpg\" alt=\"\" class=\"wp-image-2510\" style=\"width:256px;height:256px\" srcset=\"https:\/\/redwoodyoga.de\/wp-content\/uploads\/2023\/01\/Theresa-Website-1-scaled-e1733837637715-1024x1024.jpg 1024w, https:\/\/redwoodyoga.de\/wp-content\/uploads\/2023\/01\/Theresa-Website-1-scaled-e1733837637715-600x600.jpg 600w, https:\/\/redwoodyoga.de\/wp-content\/uploads\/2023\/01\/Theresa-Website-1-scaled-e1733837637715-768x768.jpg 768w, https:\/\/redwoodyoga.de\/wp-content\/uploads\/2023\/01\/Theresa-Website-1-scaled-e1733837637715-1536x1536.jpg 1536w, https:\/\/redwoodyoga.de\/wp-content\/uploads\/2023\/01\/Theresa-Website-1-scaled-e1733837637715.jpg 1702w\" sizes=\"auto, (max-width: 1024px) 100vw, 1024px\" \/><\/figure><\/div>\n\n\n<p class=\"has-text-align-center\"><strong>THERESA<\/strong><br><span class=\"collapseomatic \" id=\"id69f31761962a8\"  tabindex=\"0\" title=\"Yogalehrerin YT 200\"    >Yogalehrerin YT 200<\/span><div id=\"target-id69f31761962a8\" class=\"collapseomatic_content \">\n\n\n\n<p class=\"has-text-align-center\"><em>Vinyasa, Yin Yoga<\/em><\/p>\n\n\n\n<p class=\"has-text-align-left\">Yoga bedeutet f\u00fcr mich Erdung, Lebendigkeit und die Verbindung zu mir selbst<\/p>\n\n\n\n<p class=\"has-text-align-left\">Neben dem Yoga schl\u00e4gt mein Herz f\u00fcr Reisen, meine Fellnasen&nbsp;und&nbsp;B\u00fccher<\/p>\n\n\n\n<p class=\"has-text-align-left\"><strong>QUALIFIKATIONEN:<br><\/strong>\u2013 200h Vinyasa Ausbildung<br>bei Lord Vishnus Couch (2018)<br>\u2013 40h Yin Yoga<br>mit Vira Drotbohm (2020)<br>&#8211; 25h Yogatherapie &amp; funktionelle Anatomie<br>mit&nbsp;Karla&nbsp;Stanek (2024)<br>&#8211; 25h Art of Hands-On- Assists<br>mit Annalena van Beek (2024)<\/p>\n\n\n\n<p><a href=\"https:\/\/yoga-mit-therry.jimdosite.com\/\" target=\"_blank\" rel=\"noreferrer noopener\">Theresa&#8217;s Website<\/a> (ext. Link)<br> <\/div>\n<\/div>\n<\/div>\n\n\n\n<div class=\"wp-block-columns is-layout-flex wp-container-core-columns-is-layout-9d6595d7 wp-block-columns-is-layout-flex\">\n<div class=\"wp-block-column is-layout-flow wp-block-column-is-layout-flow\"><div class=\"wp-block-image is-style-rounded\">\n<figure class=\"aligncenter size-large is-resized\"><img loading=\"lazy\" decoding=\"async\" width=\"1024\" height=\"1024\" src=\"https:\/\/redwoodyoga.de\/wp-content\/uploads\/2023\/03\/Mieke-3-scaled-e1733837877534-1024x1024.jpg\" alt=\"\" class=\"wp-image-2662\" style=\"width:256px;height:256px\" srcset=\"https:\/\/redwoodyoga.de\/wp-content\/uploads\/2023\/03\/Mieke-3-scaled-e1733837877534-1024x1024.jpg 1024w, https:\/\/redwoodyoga.de\/wp-content\/uploads\/2023\/03\/Mieke-3-scaled-e1733837877534-600x600.jpg 600w, https:\/\/redwoodyoga.de\/wp-content\/uploads\/2023\/03\/Mieke-3-scaled-e1733837877534-768x768.jpg 768w, https:\/\/redwoodyoga.de\/wp-content\/uploads\/2023\/03\/Mieke-3-scaled-e1733837877534-1536x1536.jpg 1536w, https:\/\/redwoodyoga.de\/wp-content\/uploads\/2023\/03\/Mieke-3-scaled-e1733837877534.jpg 1702w\" sizes=\"auto, (max-width: 1024px) 100vw, 1024px\" \/><\/figure><\/div>\n\n\n<p class=\"has-text-align-center\"><strong>MIEKE<\/strong><br><span class=\"collapseomatic \" id=\"id69f31761962bc\"  tabindex=\"0\" title=\"Yogalehrerin YT200\"    >Yogalehrerin YT200<\/span><div id=\"target-id69f31761962bc\" class=\"collapseomatic_content \">\n\n\n\n<p class=\"has-text-align-center\"><em>Vinyasa, Yin Yoga<\/em><\/p>\n\n\n\n<p>Yoga bedeutet f\u00fcr mich mit mir in Verbindung zu treten, ein Tanz des K\u00f6rpers mit dem Geist&nbsp;und&nbsp;dem&nbsp;Atem.<\/p>\n\n\n\n<p>Neben Yoga schl\u00e4gt mein Herz f\u00fcr die Berge und Zeit in&nbsp;der&nbsp;Natur.<\/p>\n\n\n\n<p class=\"has-text-align-left\"><strong>QUALIFIKATIONEN<\/strong>:<br>\u2013 Fitnesstrainer B-Lizenz (2018)<br>\u2013 R\u00fcckenfitness- und Faszientrainerin (2020)<br>\u2013 200h Yogalehrer-Ausbildung (2022)<br>\u2013 50h Yin Yoga Lehrerin (2022)<br>\u2013 Personal Functional&nbsp;Trainer&nbsp;(2022)<\/p>\n\n\n\n<p><a href=\"https:\/\/www.mp-ernaehrungscoaching.de\/\" target=\"_blank\" rel=\"noreferrer noopener\">Mieke&#8217;s Website<\/a> (ext. Link)<\/p>\n\n\n\n<p class=\"has-text-align-left\"><\/div>\n<\/div>\n\n\n\n<div class=\"wp-block-column is-layout-flow wp-block-column-is-layout-flow\"><div class=\"wp-block-image is-style-rounded\">\n<figure class=\"aligncenter size-large is-resized\"><img loading=\"lazy\" decoding=\"async\" width=\"1024\" height=\"1024\" src=\"https:\/\/redwoodyoga.de\/wp-content\/uploads\/2022\/04\/IMG_8840-01-2-2-scaled-e1733837767739-1024x1024.jpeg\" alt=\"\" class=\"wp-image-1737\" style=\"width:256px;height:256px\" srcset=\"https:\/\/redwoodyoga.de\/wp-content\/uploads\/2022\/04\/IMG_8840-01-2-2-scaled-e1733837767739-1024x1024.jpeg 1024w, https:\/\/redwoodyoga.de\/wp-content\/uploads\/2022\/04\/IMG_8840-01-2-2-scaled-e1733837767739-600x600.jpeg 600w, https:\/\/redwoodyoga.de\/wp-content\/uploads\/2022\/04\/IMG_8840-01-2-2-scaled-e1733837767739-768x768.jpeg 768w, https:\/\/redwoodyoga.de\/wp-content\/uploads\/2022\/04\/IMG_8840-01-2-2-scaled-e1733837767739-1536x1536.jpeg 1536w, https:\/\/redwoodyoga.de\/wp-content\/uploads\/2022\/04\/IMG_8840-01-2-2-scaled-e1733837767739.jpeg 1702w\" sizes=\"auto, (max-width: 1024px) 100vw, 1024px\" \/><\/figure><\/div>\n\n\n<p class=\"has-text-align-center\"><strong>JESSICA<br><\/strong><span class=\"collapseomatic \" id=\"id69f31761962d0\"  tabindex=\"0\" title=\"Yogalehrerin YT 500\"    >Yogalehrerin YT 500<\/span><div id=\"target-id69f31761962d0\" class=\"collapseomatic_content \">\n\n\n\n<p class=\"has-text-align-center\"><em>Vinyasa, Inside Flow<\/em><\/p>\n\n\n\n<p class=\"has-text-align-left\">Yoga bedeutet f\u00fcr mich mehr Ausgeglichenheit und ein st\u00e4rkeres Bewusstsein f\u00fcr das was in mir und meinem K\u00f6rper passiert und m\u00f6glich ist.<\/p>\n\n\n\n<p class=\"has-text-align-left\">Neben dem Yoga schl\u00e4gt mein Herz f\u00fcr Musik, zu Fu\u00df die Natur erkunden und gute B\u00fccher.<\/p>\n\n\n\n<p class=\"has-text-align-left\"><strong><strong>QUALIFIKATIONEN<\/strong><\/strong>:<br>&#8211; 200h Yogalehrerin Ausbildung<br>bei Redwood Yoga Bonn (2022)<br>&#8211; 50h Inside Flow<br>bei Inside Flow<br>&#8211; 300h Yogalehrer Fortbildung<br>bei Redwood Yoga (2025)<\/p>\n\n\n\n<p><a href=\"https:\/\/jjyoga.de\/\" target=\"_blank\" rel=\"noreferrer noopener\">Jessica&#8217;s Website<\/a> (ext. Link)<\/p>\n\n\n\n<p class=\"has-text-align-left\"><\/div>\n<\/div>\n\n\n\n<div class=\"wp-block-column is-layout-flow wp-block-column-is-layout-flow\"><div class=\"wp-block-image is-style-rounded\">\n<figure class=\"aligncenter size-large is-resized\"><img loading=\"lazy\" decoding=\"async\" width=\"1024\" height=\"1024\" src=\"https:\/\/redwoodyoga.de\/wp-content\/uploads\/2024\/12\/jannika-1024x1024.jpeg\" alt=\"\" class=\"wp-image-3695\" style=\"width:256px;height:256px\" srcset=\"https:\/\/redwoodyoga.de\/wp-content\/uploads\/2024\/12\/jannika-1024x1024.jpeg 1024w, https:\/\/redwoodyoga.de\/wp-content\/uploads\/2024\/12\/jannika-600x600.jpeg 600w, https:\/\/redwoodyoga.de\/wp-content\/uploads\/2024\/12\/jannika-768x768.jpeg 768w, https:\/\/redwoodyoga.de\/wp-content\/uploads\/2024\/12\/jannika-1536x1536.jpeg 1536w, https:\/\/redwoodyoga.de\/wp-content\/uploads\/2024\/12\/jannika.jpeg 1602w\" sizes=\"auto, (max-width: 1024px) 100vw, 1024px\" \/><\/figure><\/div>\n\n\n<p class=\"has-text-align-center\">  <strong>JANNIKA <\/strong><br><span class=\"collapseomatic \" id=\"id69f31761962e3\"  tabindex=\"0\" title=\"Yogalehrerin YT 500\"    >Yogalehrerin YT 500<\/span><div id=\"target-id69f31761962e3\" class=\"collapseomatic_content \">\n\n\n\n<p class=\"has-text-align-center\"><em>Vinyasa, Hatha Yoga<\/em><\/p>\n\n\n\n<p class=\"has-text-align-left\">Yoga bedeutet f\u00fcr mich ein R\u00fcckzug vom Alltag, das Erkennen von Herzensthemen und eine Reise zu mir selbst<\/p>\n\n\n\n<p>Neben dem Yoga schl\u00e4gt mein Herz f\u00fcr bunte, farbenfrohe Mal- &amp; Bastelabende, neue Backrezepte und Zeit auf dem SUP-Brett.<\/p>\n\n\n\n<p><strong><strong>QUALIFIKATIONEN<\/strong><\/strong>:<br>&#8211; 200h Yogalehrerin Ausbildung<br>bei Redwood Yoga Bonn (2023)<br>&#8211; 300h Yogalehrer Fortbildung<br>bei Redwood Yoga (2025)<\/p>\n\n\n\n<p><a href=\"https:\/\/www.instagram.com\/storymatyoga\/\">Jannika&#8217;s Instagram<\/a> (ext. Link)<\/p>\n\n\n\n<p class=\"has-text-align-left\"><\/div> <\/p>\n<\/div>\n<\/div>\n\n\n\n<div class=\"wp-block-columns is-layout-flex wp-container-core-columns-is-layout-9d6595d7 wp-block-columns-is-layout-flex\">\n<div class=\"wp-block-column is-layout-flow wp-block-column-is-layout-flow\"><div class=\"wp-block-image is-style-rounded\">\n<figure class=\"aligncenter size-full is-resized\"><img loading=\"lazy\" decoding=\"async\" width=\"943\" height=\"943\" src=\"https:\/\/redwoodyoga.de\/wp-content\/uploads\/2025\/06\/katja.jpg\" alt=\"\" class=\"wp-image-4097\" style=\"width:256px;height:256px\" srcset=\"https:\/\/redwoodyoga.de\/wp-content\/uploads\/2025\/06\/katja.jpg 943w, https:\/\/redwoodyoga.de\/wp-content\/uploads\/2025\/06\/katja-600x600.jpg 600w, https:\/\/redwoodyoga.de\/wp-content\/uploads\/2025\/06\/katja-768x768.jpg 768w\" sizes=\"auto, (max-width: 943px) 100vw, 943px\" \/><\/figure><\/div>\n\n\n<p class=\"has-text-align-center\"><strong>KATJA<\/strong><br><span class=\"collapseomatic \" id=\"id69f31761962f4\"  tabindex=\"0\" title=\"Yogalehrerin YT 200\"    >Yogalehrerin YT 200<\/span><div id=\"target-id69f31761962f4\" class=\"collapseomatic_content \">\n\n\n\n<p class=\"has-text-align-center\"><em>Yin Yoga<\/em><\/p>\n\n\n\n<p class=\"has-text-align-left\">Yoga bedeutet f\u00fcr mich Verbindung zu mir und meinem K\u00f6rper und St\u00e4rke in Sanftheit zu erfahren<\/p>\n\n\n\n<p class=\"has-text-align-left\">Neben dem Yoga schl\u00e4gt mein Herz f\u00fcr Skandinavien, Backen, K\u00f6rperarbeit, Caf\u00e9s und alles wobei ich mich kreativ im Detail verlieren kann<\/p>\n\n\n\n<p class=\"has-text-align-left\"><strong>QUALIFIKATIONEN:<br><\/strong>\u2013 200h Yin Yoga Ausbildung (2023)                                                          \u2013 50h Yin &amp; Anatomie I (2025)<\/p>\n\n\n\n<p class=\"has-text-align-left\">\u2013 \u00fcber 50h diverse Yin Fortbildungen: MyoYin, Schwangerschaft, Hands on Assits  (seit 2024)   <\/p>\n\n\n\n<p class=\"has-text-align-left\">\u2013 TSB\u00ae traumasensible Begleitung (2025) <\/p>\n\n\n\n<p class=\"has-text-align-left\">\u2013 i.A. Integrative Atemtherapie &amp; Body.Mind.Breath\u00ae-Coach (2025- vss.2028)<\/p>\n\n\n\n<p><a href=\"https:\/\/flowandfeel.de\/\" target=\"_blank\" rel=\"noreferrer noopener\">Katja&#8217;s Website<\/a> (ext. Link)<\/p>\n\n\n\n<p class=\"has-text-align-left\"><\/p>\n\n\n\n<p class=\"has-text-align-left\"><\/div> <\/p>\n<\/div>\n\n\n\n<div class=\"wp-block-column is-layout-flow wp-block-column-is-layout-flow\"><div class=\"wp-block-image is-style-rounded\">\n<figure class=\"aligncenter size-large is-resized\"><img loading=\"lazy\" decoding=\"async\" width=\"1024\" height=\"970\" src=\"https:\/\/redwoodyoga.de\/wp-content\/uploads\/2025\/10\/Rosanna_Redwood-Yoga-Bonn-1024x970.jpg\" alt=\"\" class=\"wp-image-4337\" style=\"width:256px;height:256px\" srcset=\"https:\/\/redwoodyoga.de\/wp-content\/uploads\/2025\/10\/Rosanna_Redwood-Yoga-Bonn-1024x970.jpg 1024w, https:\/\/redwoodyoga.de\/wp-content\/uploads\/2025\/10\/Rosanna_Redwood-Yoga-Bonn-600x569.jpg 600w, https:\/\/redwoodyoga.de\/wp-content\/uploads\/2025\/10\/Rosanna_Redwood-Yoga-Bonn-768x728.jpg 768w, https:\/\/redwoodyoga.de\/wp-content\/uploads\/2025\/10\/Rosanna_Redwood-Yoga-Bonn-1536x1456.jpg 1536w, https:\/\/redwoodyoga.de\/wp-content\/uploads\/2025\/10\/Rosanna_Redwood-Yoga-Bonn.jpg 1663w\" sizes=\"auto, (max-width: 1024px) 100vw, 1024px\" \/><\/figure><\/div>\n\n\n<p class=\"has-text-align-center\"><strong>ROSANNA<\/strong><br><span class=\"collapseomatic \" id=\"id69f3176196306\"  tabindex=\"0\" title=\"Yogalehrerin YT 200\"    >Yogalehrerin YT 200<\/span><div id=\"target-id69f3176196306\" class=\"collapseomatic_content \">\n\n\n\n<p class=\"has-text-align-center\"><em>Hatha<\/em>, <em>Vinyasa, Yin &amp; Yang<\/em> <em>Yoga<\/em><\/p>\n\n\n\n<p class=\"has-text-align-left\">Yoga bedeutet f\u00fcr mich die Verk\u00f6rperung unserer wahren Essenz<\/p>\n\n\n\n<p>Vinyasa, Hatha, Yin, Aerial Yoga<\/p>\n\n\n\n<p>Qualifikationen:<\/p>\n\n\n\n<p>&#8211; 200h Yogalehrerin Ausbildung bei Redwood Yoga Bonn (2025)<br>&#8211; 20h Aerial Yoga Lehrerin bei Werde Leichter Yoga Studio (2025)<\/p>\n\n\n\n<p>Yoga bedeutet f\u00fcr mich, K\u00f6rper und Seele mit der Welt in Einklang zu bringen. Diese Erfahrung m\u00f6chte ich auch gern anderen erm\u00f6glichen.<\/p>\n\n\n\n<p>Neben dem Yoga schl\u00e4gt mein Herz f\u00fcr Metal- und Klassik-Konzerte, Filmfestivals, tiefe Gespr\u00e4che mit Freund:innen sowie Dinos und Katzen.<\/p>\n\n\n\n<p class=\"has-text-align-center\"><\/div> <\/p>\n<\/div>\n\n\n\n<div class=\"wp-block-column is-layout-flow wp-block-column-is-layout-flow\"><div class=\"wp-block-image is-style-rounded\">\n<figure class=\"aligncenter size-large is-resized\"><img loading=\"lazy\" decoding=\"async\" width=\"1024\" height=\"1024\" src=\"https:\/\/redwoodyoga.de\/wp-content\/uploads\/2025\/06\/steffiquad-1024x1024.jpg\" alt=\"\" class=\"wp-image-4213\" style=\"width:256px;height:256px\" srcset=\"https:\/\/redwoodyoga.de\/wp-content\/uploads\/2025\/06\/steffiquad-1024x1024.jpg 1024w, https:\/\/redwoodyoga.de\/wp-content\/uploads\/2025\/06\/steffiquad-600x600.jpg 600w, https:\/\/redwoodyoga.de\/wp-content\/uploads\/2025\/06\/steffiquad-768x768.jpg 768w, https:\/\/redwoodyoga.de\/wp-content\/uploads\/2025\/06\/steffiquad-1536x1536.jpg 1536w, https:\/\/redwoodyoga.de\/wp-content\/uploads\/2025\/06\/steffiquad-2048x2048.jpg 2048w\" sizes=\"auto, (max-width: 1024px) 100vw, 1024px\" \/><\/figure><\/div>\n\n\n<p class=\"has-text-align-center\"><strong>STEFFI<\/strong><br><span class=\"collapseomatic \" id=\"id69f3176196319\"  tabindex=\"0\" title=\"Yogalehrerin YT 200\"    >Yogalehrerin YT 200<\/span><div id=\"target-id69f3176196319\" class=\"collapseomatic_content \">\n\n\n\n<p class=\"has-text-align-center\"><em>Vinyasa, Yin Yoga<\/em><\/p>\n\n\n\n<p class=\"has-text-align-left\">Yoga bedeutet f\u00fcr mich: zur Ruhe kommen, bei mir ankommen, klarer sehen und loslassen.<\/p>\n\n\n\n<p>Neben dem Yoga schl\u00e4gt mein Herz f\u00fcr die Natur, das Wandern, die Arbeit als Lehrerin und meinen Hund.<\/p>\n\n\n\n<p><strong><strong>QUALIFIKATIONEN<\/strong><\/strong>:<br>&#8211; 200h Yogalehrerin Ausbildung<br>bei Redwood Yoga Bonn (2024)<br>&#8211; 60h Yin Yoga Ausbildung bei TVP (2025)<\/p>\n\n\n\n<p><a href=\"http:\/\/instagram.com\/namastay.happy.yoga\" target=\"_blank\" rel=\"noreferrer noopener\">Steffi&#8217;s Instagram<\/a> (ext. Link)<\/p>\n\n\n\n<p class=\"has-text-align-center\"> <\/div> <\/p>\n<\/div>\n<\/div>\n\n\n\n<div class=\"wp-block-columns is-layout-flex wp-container-core-columns-is-layout-9d6595d7 wp-block-columns-is-layout-flex\">\n<div class=\"wp-block-column is-layout-flow wp-block-column-is-layout-flow\"><div class=\"wp-block-image is-style-rounded\">\n<figure class=\"aligncenter size-full is-resized\"><img loading=\"lazy\" decoding=\"async\" width=\"1024\" height=\"1024\" src=\"https:\/\/redwoodyoga.de\/wp-content\/uploads\/2025\/06\/Annika2.jpg\" alt=\"\" class=\"wp-image-4070\" style=\"width:256px;height:auto\" srcset=\"https:\/\/redwoodyoga.de\/wp-content\/uploads\/2025\/06\/Annika2.jpg 1024w, https:\/\/redwoodyoga.de\/wp-content\/uploads\/2025\/06\/Annika2-600x600.jpg 600w, https:\/\/redwoodyoga.de\/wp-content\/uploads\/2025\/06\/Annika2-768x768.jpg 768w\" sizes=\"auto, (max-width: 1024px) 100vw, 1024px\" \/><\/figure><\/div>\n\n\n<p class=\"has-text-align-center\"><strong>ANNIKA Z.<\/strong><br><span class=\"collapseomatic \" id=\"id69f317619632c\"  tabindex=\"0\" title=\"Yogalehrerin YT 200\"    >Yogalehrerin YT 200<\/span><div id=\"target-id69f317619632c\" class=\"collapseomatic_content \">\n\n\n\n<p class=\"has-text-align-center\"><em><em>Hatha<\/em>, <em>Vinyasa, Yin &amp; Yang<\/em> <em>Yoga<\/em><\/em><\/p>\n\n\n\n<p class=\"has-text-align-left\">Yoga bedeutet f\u00fcr mich zur mir finden, das ganze Leben achtsamer zu gestalten, Ausgeglichenheit &amp; Balance herzustellen<\/p>\n\n\n\n<p>Neben dem Yoga schl\u00e4gt mein Herz f\u00fcr Physiotherapie, kreativ sein, backen<\/p>\n\n\n\n<p><strong><strong>QUALIFIKATIONEN<\/strong><\/strong>:<br>&#8211; 200h Yogalehrerin Ausbildung<br>bei Nomad Yoga School (2025)<br>&#8211; i.A. Physiotherapeutin<\/p>\n\n\n\n<p><a href=\"https:\/\/annikazylusyoga.com\/\" target=\"_blank\" rel=\"noreferrer noopener\">Annika\u00b4s Website<\/a> (ext. Link)<br><\/p>\n\n\n\n<p class=\"has-small-font-size\"><\/p>\n\n\n\n<p class=\"has-text-align-center\"><\/div> <\/p>\n<\/div>\n\n\n\n<div class=\"wp-block-column is-layout-flow wp-block-column-is-layout-flow\"><div class=\"wp-block-image is-style-rounded\">\n<figure class=\"aligncenter size-full is-resized\"><img loading=\"lazy\" decoding=\"async\" width=\"2560\" height=\"2560\" src=\"https:\/\/redwoodyoga.de\/wp-content\/uploads\/2025\/10\/Louisa_Redwood-Yoga-Bonn-1-scaled.jpg\" alt=\"\" class=\"wp-image-4369\" style=\"width:256px;height:256px\" srcset=\"https:\/\/redwoodyoga.de\/wp-content\/uploads\/2025\/10\/Louisa_Redwood-Yoga-Bonn-1-scaled.jpg 2560w, https:\/\/redwoodyoga.de\/wp-content\/uploads\/2025\/10\/Louisa_Redwood-Yoga-Bonn-1-600x600.jpg 600w, https:\/\/redwoodyoga.de\/wp-content\/uploads\/2025\/10\/Louisa_Redwood-Yoga-Bonn-1-1024x1024.jpg 1024w, https:\/\/redwoodyoga.de\/wp-content\/uploads\/2025\/10\/Louisa_Redwood-Yoga-Bonn-1-768x768.jpg 768w, https:\/\/redwoodyoga.de\/wp-content\/uploads\/2025\/10\/Louisa_Redwood-Yoga-Bonn-1-1536x1536.jpg 1536w, https:\/\/redwoodyoga.de\/wp-content\/uploads\/2025\/10\/Louisa_Redwood-Yoga-Bonn-1-2048x2048.jpg 2048w\" sizes=\"auto, (max-width: 2560px) 100vw, 2560px\" \/><\/figure><\/div>\n\n\n<p class=\"has-text-align-center\"><strong>LOUISA<\/strong><br><span class=\"collapseomatic \" id=\"id69f317619633f\"  tabindex=\"0\" title=\"Yogalehrerin YT 200\"    >Yogalehrerin YT 200<\/span><div id=\"target-id69f317619633f\" class=\"collapseomatic_content \">\n\n\n\n<p class=\"has-text-align-center\"><em><em>Hatha<\/em>&#8211;<em>Vinyasa,<\/em><\/em> <em><em>Yin &amp; Yang<\/em> <em>Yoga<\/em><\/em><\/p>\n\n\n\n<p class=\"has-text-align-left\">Yoga ist so viel mehr f\u00fcr mich als nur die reine Asana Praxis. Es ist ein Zur\u00fcckkommen zu deiner Essenz, ein Nachhausekommen. <\/p>\n\n\n\n<p>Neben dem Yoga schl\u00e4gt mein Herz f\u00fcr die Natur, Joggen und Wandern, Eisbaden, G\u00e4rtnern sowie die Welt und andere Kulturen zu entdecken.<\/p>\n\n\n\n<p><strong><strong>QUALIFIKATIONEN<\/strong><\/strong>:<br>&#8211; 200h Yogalehrerin Ausbildung Ayur Yoga Eco Ashram in Mysore, Indien (2024)<\/p>\n\n\n\n<p><a href=\"https:\/\/www.instagram.com\/lou.yogaflows\/?igsh=dmM4c2Q3bDJoZ2Jz#\" data-type=\"link\" data-id=\"https:\/\/www.instagram.com\/lou.yogaflows\/?igsh=dmM4c2Q3bDJoZ2Jz#\">Louisa\u00b4s Instagram<\/a> <br><\/p>\n\n\n\n<p class=\"has-small-font-size\"><\/p>\n\n\n\n<p class=\"has-text-align-center\"><\/div> <\/p>\n<\/div>\n\n\n\n<div class=\"wp-block-column is-layout-flow wp-block-column-is-layout-flow\"><div class=\"wp-block-image is-style-rounded\">\n<figure class=\"aligncenter size-full is-resized\"><img loading=\"lazy\" decoding=\"async\" width=\"1600\" height=\"1600\" src=\"https:\/\/redwoodyoga.de\/wp-content\/uploads\/2025\/10\/Fabia-Redwood-Yoga-Bonn-2.jpg\" alt=\"\" class=\"wp-image-4328\" style=\"width:256px;height:256px\" srcset=\"https:\/\/redwoodyoga.de\/wp-content\/uploads\/2025\/10\/Fabia-Redwood-Yoga-Bonn-2.jpg 1600w, https:\/\/redwoodyoga.de\/wp-content\/uploads\/2025\/10\/Fabia-Redwood-Yoga-Bonn-2-600x600.jpg 600w, https:\/\/redwoodyoga.de\/wp-content\/uploads\/2025\/10\/Fabia-Redwood-Yoga-Bonn-2-1024x1024.jpg 1024w, https:\/\/redwoodyoga.de\/wp-content\/uploads\/2025\/10\/Fabia-Redwood-Yoga-Bonn-2-768x768.jpg 768w, https:\/\/redwoodyoga.de\/wp-content\/uploads\/2025\/10\/Fabia-Redwood-Yoga-Bonn-2-1536x1536.jpg 1536w\" sizes=\"auto, (max-width: 1600px) 100vw, 1600px\" \/><\/figure><\/div>\n\n\n<p class=\"has-text-align-center\"><strong>FABIA<\/strong><br><span class=\"collapseomatic \" id=\"id69f3176196354\"  tabindex=\"0\" title=\"Yogalehrerin YT 200\"    >Yogalehrerin YT 200<\/span><div id=\"target-id69f3176196354\" class=\"collapseomatic_content \">\n\n\n\n<p class=\"has-text-align-center\"><em><em>Vinyasa<\/em><\/em><em> <em>Yoga<\/em><\/em><\/p>\n\n\n\n<p class=\"has-text-align-left\">Yoga bedeutet f\u00fcr mich Neugierde f\u00fcr Bewegung,  Vertrauen, innere Zuversicht und St\u00e4rke.<\/p>\n\n\n\n<p>Neben dem Yoga schl\u00e4gt mein Herz f\u00fcr drau\u00dfen sein, Kaffee trinken und&nbsp;reisen.<\/p>\n\n\n\n<p><strong><strong>QUALIFIKATIONEN<\/strong><\/strong>:<br>&#8211; 200h Yogalehrerin Ausbildung<br>bei Redwood Yoga Bonn (2023)<\/p>\n\n\n\n<p><a href=\"https:\/\/www.instagram.com\/fa.bi.a?igsh=MTI0bGMya2J5N250eQ==\">Fabia\u00b4s Instagram<\/a><\/p>\n\n\n\n<p class=\"has-small-font-size\"><\/p>\n\n\n\n<p class=\"has-text-align-center\"><\/div> <\/p>\n<\/div>\n<\/div>\n\n\n\n<div class=\"wp-block-columns is-layout-flex wp-container-core-columns-is-layout-9d6595d7 wp-block-columns-is-layout-flex\">\n<div class=\"wp-block-column is-layout-flow wp-block-column-is-layout-flow\">\n<p class=\"has-text-align-center\"><\/p>\n\n\n\n<p class=\"has-text-align-left\"><br> <\/p>\n<\/div>\n\n\n\n<div class=\"wp-block-column is-layout-flow wp-block-column-is-layout-flow\">\n<p class=\"has-text-align-center\">  <br><\/p>\n\n\n\n<p class=\"has-text-align-center\"><\/p>\n<\/div>\n\n\n\n<div class=\"wp-block-column is-layout-flow wp-block-column-is-layout-flow\">\n<p class=\"has-text-align-center\"><\/p>\n\n\n\n<p class=\"has-text-align-center\"><\/p>\n\n\n\n<p class=\"has-text-align-left\"><br><\/p>\n\n\n\n<p class=\"has-text-align-left\"><\/p>\n<\/div>\n<\/div>\n\n\n\n<hr class=\"wp-block-separator has-css-opacity\"\/>\n\n\n\n<p><\/p>\n\n\n\n<p><\/p>\n\n\n\n<p class=\"has-small-font-size\">Was bedeuten die Abk\u00fcrzungen?<br>YT = Yoga Teacher (Yogalehrer)<br>RYT = Registered Yoga Teacher (zertifiziert und registriert \u00fcber Yoga Alliance)<br>200\/300\/500 = Zertifizierungsgrad<br><br>E-RYT 200 = Experienced Registered Yoga Teacher (zertifiziert und registriert \u00fcber Yoga Alliance als RYT200 mit \u00fcber 1000 Stunden Lehrerfahrung)<br>E-RYT 500 =  Experienced Registered Yoga Teacher (zertifiziert und registriert \u00fcber Yoga Alliance als RYT500 mit \u00fcber 2000 Stunden Lehrerfahrung) <\/p>\n\n\n\n<hr class=\"wp-block-separator has-css-opacity\"\/>","protected":false},"excerpt":{"rendered":"<p>DAS REDWOOD TEAM ANNALENA Yogateacher E-RYT500Founder Redwood Yoga KALYANYogalehrer YT500 SELBSTST\u00c4NDIGE PARTNER IM REDWOOD ANA INES ROXANA MIE LUISE THERESA MIEKE JESSICA JANNIKA KATJA ROSANNA STEFFI ANNIKA Z. LOUISA FABIA &hellip; <\/p>\n","protected":false},"author":1,"featured_media":1229,"parent":0,"menu_order":0,"comment_status":"closed","ping_status":"closed","template":"","meta":{"footnotes":""},"class_list":["post-3694","page","type-page","status-publish","has-post-thumbnail","hentry"],"yoast_head":"<!-- This site is optimized with the Yoast SEO plugin v26.9 - https:\/\/yoast.com\/product\/yoast-seo-wordpress\/ -->\n<title>Team - Redwood Yoga<\/title>\n<meta name=\"robots\" content=\"index, follow, max-snippet:-1, max-image-preview:large, max-video-preview:-1\" \/>\n<link rel=\"canonical\" href=\"https:\/\/redwoodyoga.de\/team\" \/>\n<meta property=\"og:locale\" content=\"en_US\" \/>\n<meta property=\"og:type\" content=\"article\" \/>\n<meta property=\"og:title\" content=\"Team - Redwood Yoga\" \/>\n<meta property=\"og:description\" content=\"DAS REDWOOD TEAM ANNALENA Yogateacher E-RYT500Founder Redwood Yoga KALYANYogalehrer YT500 SELBSTST\u00c4NDIGE PARTNER IM REDWOOD ANA INES ROXANA MIE LUISE THERESA MIEKE JESSICA JANNIKA KATJA ROSANNA STEFFI ANNIKA Z. LOUISA FABIA &hellip;\" \/>\n<meta property=\"og:url\" content=\"https:\/\/redwoodyoga.de\/team\" \/>\n<meta property=\"og:site_name\" content=\"Redwood Yoga\" \/>\n<meta property=\"article:modified_time\" content=\"2026-04-16T14:47:08+00:00\" \/>\n<meta property=\"og:image\" content=\"https:\/\/redwoodyoga.de\/wp-content\/uploads\/2021\/09\/Redwoodyoga_Sandra-Dienemann-Fotografie-018-scaled.jpg\" \/>\n\t<meta property=\"og:image:width\" content=\"2560\" \/>\n\t<meta property=\"og:image:height\" content=\"1707\" \/>\n\t<meta property=\"og:image:type\" content=\"image\/jpeg\" \/>\n<meta name=\"twitter:card\" content=\"summary_large_image\" \/>\n<meta name=\"twitter:label1\" content=\"Est. reading time\" \/>\n\t<meta name=\"twitter:data1\" content=\"15 minutes\" \/>\n<script type=\"application\/ld+json\" class=\"yoast-schema-graph\">{\"@context\":\"https:\/\/schema.org\",\"@graph\":[{\"@type\":\"WebPage\",\"@id\":\"https:\/\/redwoodyoga.de\/team\",\"url\":\"https:\/\/redwoodyoga.de\/team\",\"name\":\"Team - Redwood Yoga\",\"isPartOf\":{\"@id\":\"https:\/\/redwoodyoga.de\/#website\"},\"primaryImageOfPage\":{\"@id\":\"https:\/\/redwoodyoga.de\/team#primaryimage\"},\"image\":{\"@id\":\"https:\/\/redwoodyoga.de\/team#primaryimage\"},\"thumbnailUrl\":\"https:\/\/redwoodyoga.de\/wp-content\/uploads\/2021\/09\/Redwoodyoga_Sandra-Dienemann-Fotografie-018-scaled.jpg\",\"datePublished\":\"2024-12-17T10:48:07+00:00\",\"dateModified\":\"2026-04-16T14:47:08+00:00\",\"breadcrumb\":{\"@id\":\"https:\/\/redwoodyoga.de\/team#breadcrumb\"},\"inLanguage\":\"en-US\",\"potentialAction\":[{\"@type\":\"ReadAction\",\"target\":[\"https:\/\/redwoodyoga.de\/team\"]}]},{\"@type\":\"ImageObject\",\"inLanguage\":\"en-US\",\"@id\":\"https:\/\/redwoodyoga.de\/team#primaryimage\",\"url\":\"https:\/\/redwoodyoga.de\/wp-content\/uploads\/2021\/09\/Redwoodyoga_Sandra-Dienemann-Fotografie-018-scaled.jpg\",\"contentUrl\":\"https:\/\/redwoodyoga.de\/wp-content\/uploads\/2021\/09\/Redwoodyoga_Sandra-Dienemann-Fotografie-018-scaled.jpg\",\"width\":2560,\"height\":1707},{\"@type\":\"BreadcrumbList\",\"@id\":\"https:\/\/redwoodyoga.de\/team#breadcrumb\",\"itemListElement\":[{\"@type\":\"ListItem\",\"position\":1,\"name\":\"Start\",\"item\":\"https:\/\/redwoodyoga.de\/\"},{\"@type\":\"ListItem\",\"position\":2,\"name\":\"Team\"}]},{\"@type\":\"WebSite\",\"@id\":\"https:\/\/redwoodyoga.de\/#website\",\"url\":\"https:\/\/redwoodyoga.de\/\",\"name\":\"Redwood Yoga\",\"description\":\"wachse \u00fcber dich hinaus\",\"publisher\":{\"@id\":\"https:\/\/redwoodyoga.de\/#organization\"},\"potentialAction\":[{\"@type\":\"SearchAction\",\"target\":{\"@type\":\"EntryPoint\",\"urlTemplate\":\"https:\/\/redwoodyoga.de\/?s={search_term_string}\"},\"query-input\":{\"@type\":\"PropertyValueSpecification\",\"valueRequired\":true,\"valueName\":\"search_term_string\"}}],\"inLanguage\":\"en-US\"},{\"@type\":\"Organization\",\"@id\":\"https:\/\/redwoodyoga.de\/#organization\",\"name\":\"Redwood Yoga\",\"url\":\"https:\/\/redwoodyoga.de\/\",\"logo\":{\"@type\":\"ImageObject\",\"inLanguage\":\"en-US\",\"@id\":\"https:\/\/redwoodyoga.de\/#\/schema\/logo\/image\/\",\"url\":\"https:\/\/redwoodyoga.de\/wp-content\/uploads\/2019\/02\/finishedlogomitkreis-e1631539893616.png\",\"contentUrl\":\"https:\/\/redwoodyoga.de\/wp-content\/uploads\/2019\/02\/finishedlogomitkreis-e1631539893616.png\",\"width\":70,\"height\":70,\"caption\":\"Redwood Yoga\"},\"image\":{\"@id\":\"https:\/\/redwoodyoga.de\/#\/schema\/logo\/image\/\"}}]}<\/script>\n<!-- \/ Yoast SEO plugin. -->","yoast_head_json":{"title":"Team - Redwood Yoga","robots":{"index":"index","follow":"follow","max-snippet":"max-snippet:-1","max-image-preview":"max-image-preview:large","max-video-preview":"max-video-preview:-1"},"canonical":"https:\/\/redwoodyoga.de\/team","og_locale":"en_US","og_type":"article","og_title":"Team - Redwood Yoga","og_description":"DAS REDWOOD TEAM ANNALENA Yogateacher E-RYT500Founder Redwood Yoga KALYANYogalehrer YT500 SELBSTST\u00c4NDIGE PARTNER IM REDWOOD ANA INES ROXANA MIE LUISE THERESA MIEKE JESSICA JANNIKA KATJA ROSANNA STEFFI ANNIKA Z. LOUISA FABIA &hellip;","og_url":"https:\/\/redwoodyoga.de\/team","og_site_name":"Redwood Yoga","article_modified_time":"2026-04-16T14:47:08+00:00","og_image":[{"width":2560,"height":1707,"url":"https:\/\/redwoodyoga.de\/wp-content\/uploads\/2021\/09\/Redwoodyoga_Sandra-Dienemann-Fotografie-018-scaled.jpg","type":"image\/jpeg"}],"twitter_card":"summary_large_image","twitter_misc":{"Est. reading time":"15 minutes"},"schema":{"@context":"https:\/\/schema.org","@graph":[{"@type":"WebPage","@id":"https:\/\/redwoodyoga.de\/team","url":"https:\/\/redwoodyoga.de\/team","name":"Team - Redwood Yoga","isPartOf":{"@id":"https:\/\/redwoodyoga.de\/#website"},"primaryImageOfPage":{"@id":"https:\/\/redwoodyoga.de\/team#primaryimage"},"image":{"@id":"https:\/\/redwoodyoga.de\/team#primaryimage"},"thumbnailUrl":"https:\/\/redwoodyoga.de\/wp-content\/uploads\/2021\/09\/Redwoodyoga_Sandra-Dienemann-Fotografie-018-scaled.jpg","datePublished":"2024-12-17T10:48:07+00:00","dateModified":"2026-04-16T14:47:08+00:00","breadcrumb":{"@id":"https:\/\/redwoodyoga.de\/team#breadcrumb"},"inLanguage":"en-US","potentialAction":[{"@type":"ReadAction","target":["https:\/\/redwoodyoga.de\/team"]}]},{"@type":"ImageObject","inLanguage":"en-US","@id":"https:\/\/redwoodyoga.de\/team#primaryimage","url":"https:\/\/redwoodyoga.de\/wp-content\/uploads\/2021\/09\/Redwoodyoga_Sandra-Dienemann-Fotografie-018-scaled.jpg","contentUrl":"https:\/\/redwoodyoga.de\/wp-content\/uploads\/2021\/09\/Redwoodyoga_Sandra-Dienemann-Fotografie-018-scaled.jpg","width":2560,"height":1707},{"@type":"BreadcrumbList","@id":"https:\/\/redwoodyoga.de\/team#breadcrumb","itemListElement":[{"@type":"ListItem","position":1,"name":"Start","item":"https:\/\/redwoodyoga.de\/"},{"@type":"ListItem","position":2,"name":"Team"}]},{"@type":"WebSite","@id":"https:\/\/redwoodyoga.de\/#website","url":"https:\/\/redwoodyoga.de\/","name":"Redwood Yoga","description":"wachse \u00fcber dich hinaus","publisher":{"@id":"https:\/\/redwoodyoga.de\/#organization"},"potentialAction":[{"@type":"SearchAction","target":{"@type":"EntryPoint","urlTemplate":"https:\/\/redwoodyoga.de\/?s={search_term_string}"},"query-input":{"@type":"PropertyValueSpecification","valueRequired":true,"valueName":"search_term_string"}}],"inLanguage":"en-US"},{"@type":"Organization","@id":"https:\/\/redwoodyoga.de\/#organization","name":"Redwood Yoga","url":"https:\/\/redwoodyoga.de\/","logo":{"@type":"ImageObject","inLanguage":"en-US","@id":"https:\/\/redwoodyoga.de\/#\/schema\/logo\/image\/","url":"https:\/\/redwoodyoga.de\/wp-content\/uploads\/2019\/02\/finishedlogomitkreis-e1631539893616.png","contentUrl":"https:\/\/redwoodyoga.de\/wp-content\/uploads\/2019\/02\/finishedlogomitkreis-e1631539893616.png","width":70,"height":70,"caption":"Redwood Yoga"},"image":{"@id":"https:\/\/redwoodyoga.de\/#\/schema\/logo\/image\/"}}]}},"_links":{"self":[{"href":"https:\/\/redwoodyoga.de\/en\/wp-json\/wp\/v2\/pages\/3694","targetHints":{"allow":["GET"]}}],"collection":[{"href":"https:\/\/redwoodyoga.de\/en\/wp-json\/wp\/v2\/pages"}],"about":[{"href":"https:\/\/redwoodyoga.de\/en\/wp-json\/wp\/v2\/types\/page"}],"author":[{"embeddable":true,"href":"https:\/\/redwoodyoga.de\/en\/wp-json\/wp\/v2\/users\/1"}],"replies":[{"embeddable":true,"href":"https:\/\/redwoodyoga.de\/en\/wp-json\/wp\/v2\/comments?post=3694"}],"version-history":[{"count":103,"href":"https:\/\/redwoodyoga.de\/en\/wp-json\/wp\/v2\/pages\/3694\/revisions"}],"predecessor-version":[{"id":4658,"href":"https:\/\/redwoodyoga.de\/en\/wp-json\/wp\/v2\/pages\/3694\/revisions\/4658"}],"wp:featuredmedia":[{"embeddable":true,"href":"https:\/\/redwoodyoga.de\/en\/wp-json\/wp\/v2\/media\/1229"}],"wp:attachment":[{"href":"https:\/\/redwoodyoga.de\/en\/wp-json\/wp\/v2\/media?parent=3694"}],"curies":[{"name":"wp","href":"https:\/\/api.w.org\/{rel}","templated":true}]}}